{"id":17796,"date":"2023-04-11T18:39:57","date_gmt":"2023-04-11T15:39:57","guid":{"rendered":"https:\/\/tammetalu.eu\/?post_type=product&#038;p=17796"},"modified":"2026-04-21T22:56:51","modified_gmt":"2026-04-21T19:56:51","slug":"mauri-kassinaeris","status":"publish","type":"product","link":"https:\/\/tammetalu.eu\/en\/product\/mauri-kassinaeris\/","title":{"rendered":"Mauri kassinaeris"},"content":{"rendered":"","protected":false},"excerpt":{"rendered":"<p><em>Malva sylvestris subsp. mauritiana<\/em><\/p>\n<p><span style=\"font-weight: 400;\">\u00a01,5 m k\u00f5rguseks kasvav \u00fcheaastane\u00a0 tumelill<\/span><span style=\"font-weight: 400;\">ade v\u00e4ga dekoratiivsete \u00f5itega kergesti kasvatatav ilu- ja ravim<\/span><span style=\"font-weight: 400;\">taim. \u00d5isi ja lehti v\u00f5ib tarvitada\u00a0 teeks ja toor<\/span><span style=\"font-weight: 400;\">salatitesse. Noori lehti, vilju ja \u00f5iepungi saab hautada ja keeta. Noored rohelised viljad (kus valmivad hiljem seemned) on veidi noore rohelise herne maitsega ja neid saab kasutada suppides, salatites ja hautistes.\u00a0<\/span><\/p>\n<p>Tamme talus kasvatame mets-kassinaerist mitmete oma teedele lisamiseks. Kuivatatud \u00f5isi on Talvetees, Minu lemmiktees, Lillelises elutees ja Tarkusetees.<\/p>\n<p><span style=\"font-weight: 400;\">\u00d5itest v\u00f5i \u00fcrdist valmistatud tee aitab k\u00f6ha,\u00a0<\/span><span style=\"font-weight: 400;\">kurgup\u00f5letiku ja maovalude puhul.<\/span><\/p>\n<p><span style=\"font-weight: 400;\">\u00a0Kasvamiseks vajab mets-kassinaeris valget v\u00f5i poolvarjulist <\/span><span style=\"font-weight: 400;\">kasvukohta tavalises aiamullas. V\u00e4ga v\u00e4he<\/span><span style=\"font-weight: 400;\">n\u00f5udlik ja rikkalikult kogu hooaja kuni k\u00fclmadeni \u00f5itsev taim. Sobib suuremate kogumikena loodusaedadesse. Isek\u00fclvi annab, kuid v\u00e4hesel m\u00e4\u00e4ral.<\/span><\/p>\n","protected":false},"featured_media":17797,"template":"","meta":{"_acf_changed":false,"_et_pb_use_builder":"","_et_pb_old_content":"","_et_gb_content_width":"","inline_featured_image":false},"product_brand":[],"product_cat":[247,186,200],"product_tag":[],"class_list":{"0":"post-17796","1":"product","2":"type-product","3":"status-publish","4":"has-post-thumbnail","6":"product_cat-rohenappude-lemmikud","7":"product_cat-maitse-ja-ravimtaimede-istikud","8":"product_cat-muud-maitsetaimed","10":"first","11":"instock","12":"sale","13":"taxable","14":"shipping-taxable","15":"purchasable","16":"product-type-simple"},"acf":[],"yoast_head":"<!-- This site is optimized with the Yoast SEO plugin v26.4 - https:\/\/yoast.com\/wordpress\/plugins\/seo\/ -->\n<title>Mauri kassinaeris - Tamme talu \u00fcrdiaed<\/title>\n<meta name=\"robots\" content=\"index, follow, max-snippet:-1, max-image-preview:large, max-video-preview:-1\" \/>\n<link rel=\"canonical\" href=\"https:\/\/tammetalu.eu\/toode\/mauri-kassinaeris\/\" \/>\n<meta property=\"og:locale\" content=\"en_US\" \/>\n<meta property=\"og:type\" content=\"article\" \/>\n<meta property=\"og:title\" content=\"Mauri kassinaeris - Tamme talu \u00fcrdiaed\" \/>\n<meta property=\"og:description\" content=\"Malva sylvestris subsp. mauritiana  \u00a01,5 m k\u00f5rguseks kasvav \u00fcheaastane\u00a0 tumelillade v\u00e4ga dekoratiivsete \u00f5itega kergesti kasvatatav ilu- ja ravimtaim. \u00d5isi ja lehti v\u00f5ib tarvitada\u00a0 teeks ja toorsalatitesse. Noori lehti, vilju ja \u00f5iepungi saab hautada ja keeta. Noored rohelised viljad (kus valmivad hiljem seemned) on veidi noore rohelise herne maitsega ja neid saab kasutada suppides, salatites ja hautistes.\u00a0  Tamme talus kasvatame mets-kassinaerist mitmete oma teedele lisamiseks. Kuivatatud \u00f5isi on Talvetees, Minu lemmiktees, Lillelises elutees ja Tarkusetees.  \u00d5itest v\u00f5i \u00fcrdist valmistatud tee aitab k\u00f6ha,\u00a0kurgup\u00f5letiku ja maovalude puhul.  \u00a0Kasvamiseks vajab mets-kassinaeris valget v\u00f5i poolvarjulist kasvukohta tavalises aiamullas. V\u00e4ga v\u00e4hen\u00f5udlik ja rikkalikult kogu hooaja kuni k\u00fclmadeni \u00f5itsev taim. Sobib suuremate kogumikena loodusaedadesse. Isek\u00fclvi annab, kuid v\u00e4hesel m\u00e4\u00e4ral.\" \/>\n<meta property=\"og:url\" content=\"https:\/\/tammetalu.eu\/toode\/mauri-kassinaeris\/\" \/>\n<meta property=\"og:site_name\" content=\"Tamme talu \u00fcrdiaed\" \/>\n<meta property=\"article:publisher\" content=\"https:\/\/www.facebook.com\/TammeTaluUrdiaed\/?locale=et_EE\" \/>\n<meta property=\"article:modified_time\" content=\"2026-04-21T19:56:51+00:00\" \/>\n<meta property=\"og:image\" content=\"https:\/\/tammetalu.eu\/wp-content\/uploads\/2023\/04\/Mauri-kassinaeris-Malva-sylvestris-subsp-mauritiana-tamme-talu-urdiaed.jpg\" \/>\n\t<meta property=\"og:image:width\" content=\"500\" \/>\n\t<meta property=\"og:image:height\" content=\"500\" \/>\n\t<meta property=\"og:image:type\" content=\"image\/jpeg\" \/>\n<meta name=\"twitter:card\" content=\"summary_large_image\" \/>\n<meta name=\"twitter:label1\" content=\"Est. reading time\" \/>\n\t<meta name=\"twitter:data1\" content=\"1 minute\" \/>\n<script type=\"application\/ld+json\" class=\"yoast-schema-graph\">{\"@context\":\"https:\/\/schema.org\",\"@graph\":[{\"@type\":\"WebPage\",\"@id\":\"https:\/\/tammetalu.eu\/toode\/mauri-kassinaeris\/\",\"url\":\"https:\/\/tammetalu.eu\/toode\/mauri-kassinaeris\/\",\"name\":\"Mauri kassinaeris - Tamme talu \u00fcrdiaed\",\"isPartOf\":{\"@id\":\"https:\/\/tammetalu.eu\/#website\"},\"primaryImageOfPage\":{\"@id\":\"https:\/\/tammetalu.eu\/toode\/mauri-kassinaeris\/#primaryimage\"},\"image\":{\"@id\":\"https:\/\/tammetalu.eu\/toode\/mauri-kassinaeris\/#primaryimage\"},\"thumbnailUrl\":\"https:\/\/tammetalu.eu\/wp-content\/uploads\/2023\/04\/Mauri-kassinaeris-Malva-sylvestris-subsp-mauritiana-tamme-talu-urdiaed.jpg\",\"datePublished\":\"2023-04-11T15:39:57+00:00\",\"dateModified\":\"2026-04-21T19:56:51+00:00\",\"breadcrumb\":{\"@id\":\"https:\/\/tammetalu.eu\/toode\/mauri-kassinaeris\/#breadcrumb\"},\"inLanguage\":\"en-US\",\"potentialAction\":[{\"@type\":\"ReadAction\",\"target\":[\"https:\/\/tammetalu.eu\/toode\/mauri-kassinaeris\/\"]}]},{\"@type\":\"ImageObject\",\"inLanguage\":\"en-US\",\"@id\":\"https:\/\/tammetalu.eu\/toode\/mauri-kassinaeris\/#primaryimage\",\"url\":\"https:\/\/tammetalu.eu\/wp-content\/uploads\/2023\/04\/Mauri-kassinaeris-Malva-sylvestris-subsp-mauritiana-tamme-talu-urdiaed.jpg\",\"contentUrl\":\"https:\/\/tammetalu.eu\/wp-content\/uploads\/2023\/04\/Mauri-kassinaeris-Malva-sylvestris-subsp-mauritiana-tamme-talu-urdiaed.jpg\",\"width\":500,\"height\":500,\"caption\":\"Mauri-kassinaeris-Malva-sylvestris-subsp-mauritiana-tamme-talu-urdiaed\"},{\"@type\":\"BreadcrumbList\",\"@id\":\"https:\/\/tammetalu.eu\/toode\/mauri-kassinaeris\/#breadcrumb\",\"itemListElement\":[{\"@type\":\"ListItem\",\"position\":1,\"name\":\"Home\",\"item\":\"https:\/\/tammetalu.eu\/en\/esileht-eng\/\"},{\"@type\":\"ListItem\",\"position\":2,\"name\":\"Shop\",\"item\":\"https:\/\/tammetalu.eu\/en\/shop\/\"},{\"@type\":\"ListItem\",\"position\":3,\"name\":\"Mauri kassinaeris\"}]},{\"@type\":\"WebSite\",\"@id\":\"https:\/\/tammetalu.eu\/#website\",\"url\":\"https:\/\/tammetalu.eu\/\",\"name\":\"Tamme talu \u00fcrdiaed\",\"description\":\"K\u00e4sit\u00f6\u00f6na valmistatud tooted \u00fcrtidest, \u00fcrdiistikud, \u00fcrtide kollektsioonaed\",\"publisher\":{\"@id\":\"https:\/\/tammetalu.eu\/#organization\"},\"alternateName\":\"Tamme talu\",\"potentialAction\":[{\"@type\":\"SearchAction\",\"target\":{\"@type\":\"EntryPoint\",\"urlTemplate\":\"https:\/\/tammetalu.eu\/?s={search_term_string}\"},\"query-input\":{\"@type\":\"PropertyValueSpecification\",\"valueRequired\":true,\"valueName\":\"search_term_string\"}}],\"inLanguage\":\"en-US\"},{\"@type\":\"Organization\",\"@id\":\"https:\/\/tammetalu.eu\/#organization\",\"name\":\"Tamme talu \u00fcrdiaed\",\"alternateName\":\"Tamme talu\",\"url\":\"https:\/\/tammetalu.eu\/\",\"logo\":{\"@type\":\"ImageObject\",\"inLanguage\":\"en-US\",\"@id\":\"https:\/\/tammetalu.eu\/#\/schema\/logo\/image\/\",\"url\":\"https:\/\/tammetalu.eu\/wp-content\/uploads\/2025\/01\/Tamme_talu_urdiaed.png\",\"contentUrl\":\"https:\/\/tammetalu.eu\/wp-content\/uploads\/2025\/01\/Tamme_talu_urdiaed.png\",\"width\":560,\"height\":560,\"caption\":\"Tamme talu \u00fcrdiaed\"},\"image\":{\"@id\":\"https:\/\/tammetalu.eu\/#\/schema\/logo\/image\/\"},\"sameAs\":[\"https:\/\/www.facebook.com\/TammeTaluUrdiaed\/?locale=et_EE\",\"https:\/\/www.instagram.com\/tammetaluurdiaed\/\"]}]}<\/script>\n<!-- \/ Yoast SEO plugin. -->","yoast_head_json":{"title":"Mauri kassinaeris - Tamme talu \u00fcrdiaed","robots":{"index":"index","follow":"follow","max-snippet":"max-snippet:-1","max-image-preview":"max-image-preview:large","max-video-preview":"max-video-preview:-1"},"canonical":"https:\/\/tammetalu.eu\/toode\/mauri-kassinaeris\/","og_locale":"en_US","og_type":"article","og_title":"Mauri kassinaeris - Tamme talu \u00fcrdiaed","og_description":"Malva sylvestris subsp. mauritiana  \u00a01,5 m k\u00f5rguseks kasvav \u00fcheaastane\u00a0 tumelillade v\u00e4ga dekoratiivsete \u00f5itega kergesti kasvatatav ilu- ja ravimtaim. \u00d5isi ja lehti v\u00f5ib tarvitada\u00a0 teeks ja toorsalatitesse. Noori lehti, vilju ja \u00f5iepungi saab hautada ja keeta. Noored rohelised viljad (kus valmivad hiljem seemned) on veidi noore rohelise herne maitsega ja neid saab kasutada suppides, salatites ja hautistes.\u00a0  Tamme talus kasvatame mets-kassinaerist mitmete oma teedele lisamiseks. Kuivatatud \u00f5isi on Talvetees, Minu lemmiktees, Lillelises elutees ja Tarkusetees.  \u00d5itest v\u00f5i \u00fcrdist valmistatud tee aitab k\u00f6ha,\u00a0kurgup\u00f5letiku ja maovalude puhul.  \u00a0Kasvamiseks vajab mets-kassinaeris valget v\u00f5i poolvarjulist kasvukohta tavalises aiamullas. V\u00e4ga v\u00e4hen\u00f5udlik ja rikkalikult kogu hooaja kuni k\u00fclmadeni \u00f5itsev taim. Sobib suuremate kogumikena loodusaedadesse. Isek\u00fclvi annab, kuid v\u00e4hesel m\u00e4\u00e4ral.","og_url":"https:\/\/tammetalu.eu\/toode\/mauri-kassinaeris\/","og_site_name":"Tamme talu \u00fcrdiaed","article_publisher":"https:\/\/www.facebook.com\/TammeTaluUrdiaed\/?locale=et_EE","article_modified_time":"2026-04-21T19:56:51+00:00","og_image":[{"width":500,"height":500,"url":"https:\/\/tammetalu.eu\/wp-content\/uploads\/2023\/04\/Mauri-kassinaeris-Malva-sylvestris-subsp-mauritiana-tamme-talu-urdiaed.jpg","type":"image\/jpeg"}],"twitter_card":"summary_large_image","twitter_misc":{"Est. reading time":"1 minute"},"schema":{"@context":"https:\/\/schema.org","@graph":[{"@type":"WebPage","@id":"https:\/\/tammetalu.eu\/toode\/mauri-kassinaeris\/","url":"https:\/\/tammetalu.eu\/toode\/mauri-kassinaeris\/","name":"Mauri kassinaeris - Tamme talu \u00fcrdiaed","isPartOf":{"@id":"https:\/\/tammetalu.eu\/#website"},"primaryImageOfPage":{"@id":"https:\/\/tammetalu.eu\/toode\/mauri-kassinaeris\/#primaryimage"},"image":{"@id":"https:\/\/tammetalu.eu\/toode\/mauri-kassinaeris\/#primaryimage"},"thumbnailUrl":"https:\/\/tammetalu.eu\/wp-content\/uploads\/2023\/04\/Mauri-kassinaeris-Malva-sylvestris-subsp-mauritiana-tamme-talu-urdiaed.jpg","datePublished":"2023-04-11T15:39:57+00:00","dateModified":"2026-04-21T19:56:51+00:00","breadcrumb":{"@id":"https:\/\/tammetalu.eu\/toode\/mauri-kassinaeris\/#breadcrumb"},"inLanguage":"en-US","potentialAction":[{"@type":"ReadAction","target":["https:\/\/tammetalu.eu\/toode\/mauri-kassinaeris\/"]}]},{"@type":"ImageObject","inLanguage":"en-US","@id":"https:\/\/tammetalu.eu\/toode\/mauri-kassinaeris\/#primaryimage","url":"https:\/\/tammetalu.eu\/wp-content\/uploads\/2023\/04\/Mauri-kassinaeris-Malva-sylvestris-subsp-mauritiana-tamme-talu-urdiaed.jpg","contentUrl":"https:\/\/tammetalu.eu\/wp-content\/uploads\/2023\/04\/Mauri-kassinaeris-Malva-sylvestris-subsp-mauritiana-tamme-talu-urdiaed.jpg","width":500,"height":500,"caption":"Mauri-kassinaeris-Malva-sylvestris-subsp-mauritiana-tamme-talu-urdiaed"},{"@type":"BreadcrumbList","@id":"https:\/\/tammetalu.eu\/toode\/mauri-kassinaeris\/#breadcrumb","itemListElement":[{"@type":"ListItem","position":1,"name":"Home","item":"https:\/\/tammetalu.eu\/en\/esileht-eng\/"},{"@type":"ListItem","position":2,"name":"Shop","item":"https:\/\/tammetalu.eu\/en\/shop\/"},{"@type":"ListItem","position":3,"name":"Mauri kassinaeris"}]},{"@type":"WebSite","@id":"https:\/\/tammetalu.eu\/#website","url":"https:\/\/tammetalu.eu\/","name":"Tamme talu \u00fcrdiaed","description":"K\u00e4sit\u00f6\u00f6na valmistatud tooted \u00fcrtidest, \u00fcrdiistikud, \u00fcrtide kollektsioonaed","publisher":{"@id":"https:\/\/tammetalu.eu\/#organization"},"alternateName":"Tamme talu","potentialAction":[{"@type":"SearchAction","target":{"@type":"EntryPoint","urlTemplate":"https:\/\/tammetalu.eu\/?s={search_term_string}"},"query-input":{"@type":"PropertyValueSpecification","valueRequired":true,"valueName":"search_term_string"}}],"inLanguage":"en-US"},{"@type":"Organization","@id":"https:\/\/tammetalu.eu\/#organization","name":"Tamme talu \u00fcrdiaed","alternateName":"Tamme talu","url":"https:\/\/tammetalu.eu\/","logo":{"@type":"ImageObject","inLanguage":"en-US","@id":"https:\/\/tammetalu.eu\/#\/schema\/logo\/image\/","url":"https:\/\/tammetalu.eu\/wp-content\/uploads\/2025\/01\/Tamme_talu_urdiaed.png","contentUrl":"https:\/\/tammetalu.eu\/wp-content\/uploads\/2025\/01\/Tamme_talu_urdiaed.png","width":560,"height":560,"caption":"Tamme talu \u00fcrdiaed"},"image":{"@id":"https:\/\/tammetalu.eu\/#\/schema\/logo\/image\/"},"sameAs":["https:\/\/www.facebook.com\/TammeTaluUrdiaed\/?locale=et_EE","https:\/\/www.instagram.com\/tammetaluurdiaed\/"]}]}},"_links":{"self":[{"href":"https:\/\/tammetalu.eu\/en\/wp-json\/wp\/v2\/product\/17796","targetHints":{"allow":["GET"]}}],"collection":[{"href":"https:\/\/tammetalu.eu\/en\/wp-json\/wp\/v2\/product"}],"about":[{"href":"https:\/\/tammetalu.eu\/en\/wp-json\/wp\/v2\/types\/product"}],"wp:featuredmedia":[{"embeddable":true,"href":"https:\/\/tammetalu.eu\/en\/wp-json\/wp\/v2\/media\/17797"}],"wp:attachment":[{"href":"https:\/\/tammetalu.eu\/en\/wp-json\/wp\/v2\/media?parent=17796"}],"wp:term":[{"taxonomy":"product_brand","embeddable":true,"href":"https:\/\/tammetalu.eu\/en\/wp-json\/wp\/v2\/product_brand?post=17796"},{"taxonomy":"product_cat","embeddable":true,"href":"https:\/\/tammetalu.eu\/en\/wp-json\/wp\/v2\/product_cat?post=17796"},{"taxonomy":"product_tag","embeddable":true,"href":"https:\/\/tammetalu.eu\/en\/wp-json\/wp\/v2\/product_tag?post=17796"}],"curies":[{"name":"wp","href":"https:\/\/api.w.org\/{rel}","templated":true}]}}