{"id":17978,"date":"2023-04-12T17:09:24","date_gmt":"2023-04-12T14:09:24","guid":{"rendered":"https:\/\/tammetalu.eu\/?post_type=product&#038;p=17978"},"modified":"2026-02-02T15:14:45","modified_gmt":"2026-02-02T13:14:45","slug":"viltune-lauk","status":"publish","type":"product","link":"https:\/\/tammetalu.eu\/fi\/toode\/viltune-lauk\/","title":{"rendered":"Viltune lauk"},"content":{"rendered":"","protected":false},"excerpt":{"rendered":"<p><em>Allium obliquum<\/em><\/p>\n<p>Viltune lauk on levinud loodusliku liigina Rumeeniast kuni Kesk-Siberi ja Loode-Hiinani. Tiheda kollase keraja \u00f5isiku ja rihmjate sinakasroheliste lehtedega\u00a0 lauk v\u00f5ib aias sirguda rohkem kui meetri k\u00f5rguseks. Viltune lauk \u00f5itseb tavaliselt juuli alguses.<\/p>\n<p>Viltust lauku hinnatakse k\u00f6\u00f6gis tema meeldiva k\u00fc\u00fcslauguse maitse poolest.<\/p>\n","protected":false},"featured_media":17979,"template":"","meta":{"_acf_changed":false,"_et_pb_use_builder":"","_et_pb_old_content":"","_et_gb_content_width":"","inline_featured_image":false},"product_brand":[],"product_cat":[186,201,203],"product_tag":[],"class_list":{"0":"post-17978","1":"product","2":"type-product","3":"status-publish","4":"has-post-thumbnail","6":"product_cat-maitse-ja-ravimtaimede-istikud","7":"product_cat-laugud","8":"product_cat-ponevad-koogiviljad","10":"first","11":"outofstock","12":"sale","13":"taxable","14":"shipping-taxable","15":"purchasable","16":"product-type-simple"},"acf":[],"yoast_head":"<!-- This site is optimized with the Yoast SEO plugin v26.4 - https:\/\/yoast.com\/wordpress\/plugins\/seo\/ -->\n<title>Viltune lauk - Tamme talu \u00fcrdiaed<\/title>\n<meta name=\"robots\" content=\"index, follow, max-snippet:-1, max-image-preview:large, max-video-preview:-1\" \/>\n<link rel=\"canonical\" href=\"https:\/\/tammetalu.eu\/toode\/viltune-lauk\/\" \/>\n<meta property=\"og:locale\" content=\"fi_FI\" \/>\n<meta property=\"og:type\" content=\"article\" \/>\n<meta property=\"og:title\" content=\"Viltune lauk - Tamme talu \u00fcrdiaed\" \/>\n<meta property=\"og:description\" content=\"Allium obliquum  Viltune lauk on levinud loodusliku liigina Rumeeniast kuni Kesk-Siberi ja Loode-Hiinani. Tiheda kollase keraja \u00f5isiku ja rihmjate sinakasroheliste lehtedega\u00a0 lauk v\u00f5ib aias sirguda rohkem kui meetri k\u00f5rguseks. Viltune lauk \u00f5itseb tavaliselt juuli alguses.  Viltust lauku hinnatakse k\u00f6\u00f6gis tema meeldiva k\u00fc\u00fcslauguse maitse poolest.\" \/>\n<meta property=\"og:url\" content=\"https:\/\/tammetalu.eu\/toode\/viltune-lauk\/\" \/>\n<meta property=\"og:site_name\" content=\"Tamme talu \u00fcrdiaed\" \/>\n<meta property=\"article:publisher\" content=\"https:\/\/www.facebook.com\/TammeTaluUrdiaed\/?locale=et_EE\" \/>\n<meta property=\"article:modified_time\" content=\"2026-02-02T13:14:45+00:00\" \/>\n<meta property=\"og:image\" content=\"https:\/\/tammetalu.eu\/wp-content\/uploads\/2023\/04\/Viltune_lauk_Allium_obliiqum_tamme_talu_urdiaed.jpg\" \/>\n\t<meta property=\"og:image:width\" content=\"1200\" \/>\n\t<meta property=\"og:image:height\" content=\"1600\" \/>\n\t<meta property=\"og:image:type\" content=\"image\/jpeg\" \/>\n<meta name=\"twitter:card\" content=\"summary_large_image\" \/>\n<script type=\"application\/ld+json\" class=\"yoast-schema-graph\">{\"@context\":\"https:\/\/schema.org\",\"@graph\":[{\"@type\":\"WebPage\",\"@id\":\"https:\/\/tammetalu.eu\/toode\/viltune-lauk\/\",\"url\":\"https:\/\/tammetalu.eu\/toode\/viltune-lauk\/\",\"name\":\"Viltune lauk - Tamme talu \u00fcrdiaed\",\"isPartOf\":{\"@id\":\"https:\/\/tammetalu.eu\/#website\"},\"primaryImageOfPage\":{\"@id\":\"https:\/\/tammetalu.eu\/toode\/viltune-lauk\/#primaryimage\"},\"image\":{\"@id\":\"https:\/\/tammetalu.eu\/toode\/viltune-lauk\/#primaryimage\"},\"thumbnailUrl\":\"https:\/\/tammetalu.eu\/wp-content\/uploads\/2023\/04\/Viltune_lauk_Allium_obliiqum_tamme_talu_urdiaed.jpg\",\"datePublished\":\"2023-04-12T14:09:24+00:00\",\"dateModified\":\"2026-02-02T13:14:45+00:00\",\"breadcrumb\":{\"@id\":\"https:\/\/tammetalu.eu\/toode\/viltune-lauk\/#breadcrumb\"},\"inLanguage\":\"fi\",\"potentialAction\":[{\"@type\":\"ReadAction\",\"target\":[\"https:\/\/tammetalu.eu\/toode\/viltune-lauk\/\"]}]},{\"@type\":\"ImageObject\",\"inLanguage\":\"fi\",\"@id\":\"https:\/\/tammetalu.eu\/toode\/viltune-lauk\/#primaryimage\",\"url\":\"https:\/\/tammetalu.eu\/wp-content\/uploads\/2023\/04\/Viltune_lauk_Allium_obliiqum_tamme_talu_urdiaed.jpg\",\"contentUrl\":\"https:\/\/tammetalu.eu\/wp-content\/uploads\/2023\/04\/Viltune_lauk_Allium_obliiqum_tamme_talu_urdiaed.jpg\",\"width\":1200,\"height\":1600,\"caption\":\"Viltune_lauk_Allium_obliiqum_tamme_talu_urdiaed\"},{\"@type\":\"BreadcrumbList\",\"@id\":\"https:\/\/tammetalu.eu\/toode\/viltune-lauk\/#breadcrumb\",\"itemListElement\":[{\"@type\":\"ListItem\",\"position\":1,\"name\":\"Home\",\"item\":\"https:\/\/tammetalu.eu\/fi\/etusivu\/\"},{\"@type\":\"ListItem\",\"position\":2,\"name\":\"Kaikki tuotteet\",\"item\":\"https:\/\/tammetalu.eu\/fi\/kaikki-tuotteet\/\"},{\"@type\":\"ListItem\",\"position\":3,\"name\":\"Viltune lauk\"}]},{\"@type\":\"WebSite\",\"@id\":\"https:\/\/tammetalu.eu\/#website\",\"url\":\"https:\/\/tammetalu.eu\/\",\"name\":\"Tamme talu \u00fcrdiaed\",\"description\":\"K\u00e4sit\u00f6\u00f6na valmistatud tooted \u00fcrtidest, \u00fcrdiistikud, \u00fcrtide kollektsioonaed\",\"publisher\":{\"@id\":\"https:\/\/tammetalu.eu\/#organization\"},\"alternateName\":\"Tamme talu\",\"potentialAction\":[{\"@type\":\"SearchAction\",\"target\":{\"@type\":\"EntryPoint\",\"urlTemplate\":\"https:\/\/tammetalu.eu\/?s={search_term_string}\"},\"query-input\":{\"@type\":\"PropertyValueSpecification\",\"valueRequired\":true,\"valueName\":\"search_term_string\"}}],\"inLanguage\":\"fi\"},{\"@type\":\"Organization\",\"@id\":\"https:\/\/tammetalu.eu\/#organization\",\"name\":\"Tamme talu \u00fcrdiaed\",\"alternateName\":\"Tamme talu\",\"url\":\"https:\/\/tammetalu.eu\/\",\"logo\":{\"@type\":\"ImageObject\",\"inLanguage\":\"fi\",\"@id\":\"https:\/\/tammetalu.eu\/#\/schema\/logo\/image\/\",\"url\":\"https:\/\/tammetalu.eu\/wp-content\/uploads\/2025\/01\/Tamme_talu_urdiaed.png\",\"contentUrl\":\"https:\/\/tammetalu.eu\/wp-content\/uploads\/2025\/01\/Tamme_talu_urdiaed.png\",\"width\":560,\"height\":560,\"caption\":\"Tamme talu \u00fcrdiaed\"},\"image\":{\"@id\":\"https:\/\/tammetalu.eu\/#\/schema\/logo\/image\/\"},\"sameAs\":[\"https:\/\/www.facebook.com\/TammeTaluUrdiaed\/?locale=et_EE\",\"https:\/\/www.instagram.com\/tammetaluurdiaed\/\"]}]}<\/script>\n<!-- \/ Yoast SEO plugin. -->","yoast_head_json":{"title":"Viltune lauk - Tamme talu \u00fcrdiaed","robots":{"index":"index","follow":"follow","max-snippet":"max-snippet:-1","max-image-preview":"max-image-preview:large","max-video-preview":"max-video-preview:-1"},"canonical":"https:\/\/tammetalu.eu\/toode\/viltune-lauk\/","og_locale":"fi_FI","og_type":"article","og_title":"Viltune lauk - Tamme talu \u00fcrdiaed","og_description":"Allium obliquum  Viltune lauk on levinud loodusliku liigina Rumeeniast kuni Kesk-Siberi ja Loode-Hiinani. Tiheda kollase keraja \u00f5isiku ja rihmjate sinakasroheliste lehtedega\u00a0 lauk v\u00f5ib aias sirguda rohkem kui meetri k\u00f5rguseks. Viltune lauk \u00f5itseb tavaliselt juuli alguses.  Viltust lauku hinnatakse k\u00f6\u00f6gis tema meeldiva k\u00fc\u00fcslauguse maitse poolest.","og_url":"https:\/\/tammetalu.eu\/toode\/viltune-lauk\/","og_site_name":"Tamme talu \u00fcrdiaed","article_publisher":"https:\/\/www.facebook.com\/TammeTaluUrdiaed\/?locale=et_EE","article_modified_time":"2026-02-02T13:14:45+00:00","og_image":[{"width":1200,"height":1600,"url":"https:\/\/tammetalu.eu\/wp-content\/uploads\/2023\/04\/Viltune_lauk_Allium_obliiqum_tamme_talu_urdiaed.jpg","type":"image\/jpeg"}],"twitter_card":"summary_large_image","schema":{"@context":"https:\/\/schema.org","@graph":[{"@type":"WebPage","@id":"https:\/\/tammetalu.eu\/toode\/viltune-lauk\/","url":"https:\/\/tammetalu.eu\/toode\/viltune-lauk\/","name":"Viltune lauk - Tamme talu \u00fcrdiaed","isPartOf":{"@id":"https:\/\/tammetalu.eu\/#website"},"primaryImageOfPage":{"@id":"https:\/\/tammetalu.eu\/toode\/viltune-lauk\/#primaryimage"},"image":{"@id":"https:\/\/tammetalu.eu\/toode\/viltune-lauk\/#primaryimage"},"thumbnailUrl":"https:\/\/tammetalu.eu\/wp-content\/uploads\/2023\/04\/Viltune_lauk_Allium_obliiqum_tamme_talu_urdiaed.jpg","datePublished":"2023-04-12T14:09:24+00:00","dateModified":"2026-02-02T13:14:45+00:00","breadcrumb":{"@id":"https:\/\/tammetalu.eu\/toode\/viltune-lauk\/#breadcrumb"},"inLanguage":"fi","potentialAction":[{"@type":"ReadAction","target":["https:\/\/tammetalu.eu\/toode\/viltune-lauk\/"]}]},{"@type":"ImageObject","inLanguage":"fi","@id":"https:\/\/tammetalu.eu\/toode\/viltune-lauk\/#primaryimage","url":"https:\/\/tammetalu.eu\/wp-content\/uploads\/2023\/04\/Viltune_lauk_Allium_obliiqum_tamme_talu_urdiaed.jpg","contentUrl":"https:\/\/tammetalu.eu\/wp-content\/uploads\/2023\/04\/Viltune_lauk_Allium_obliiqum_tamme_talu_urdiaed.jpg","width":1200,"height":1600,"caption":"Viltune_lauk_Allium_obliiqum_tamme_talu_urdiaed"},{"@type":"BreadcrumbList","@id":"https:\/\/tammetalu.eu\/toode\/viltune-lauk\/#breadcrumb","itemListElement":[{"@type":"ListItem","position":1,"name":"Home","item":"https:\/\/tammetalu.eu\/fi\/etusivu\/"},{"@type":"ListItem","position":2,"name":"Kaikki tuotteet","item":"https:\/\/tammetalu.eu\/fi\/kaikki-tuotteet\/"},{"@type":"ListItem","position":3,"name":"Viltune lauk"}]},{"@type":"WebSite","@id":"https:\/\/tammetalu.eu\/#website","url":"https:\/\/tammetalu.eu\/","name":"Tamme talu \u00fcrdiaed","description":"K\u00e4sit\u00f6\u00f6na valmistatud tooted \u00fcrtidest, \u00fcrdiistikud, \u00fcrtide kollektsioonaed","publisher":{"@id":"https:\/\/tammetalu.eu\/#organization"},"alternateName":"Tamme talu","potentialAction":[{"@type":"SearchAction","target":{"@type":"EntryPoint","urlTemplate":"https:\/\/tammetalu.eu\/?s={search_term_string}"},"query-input":{"@type":"PropertyValueSpecification","valueRequired":true,"valueName":"search_term_string"}}],"inLanguage":"fi"},{"@type":"Organization","@id":"https:\/\/tammetalu.eu\/#organization","name":"Tamme talu \u00fcrdiaed","alternateName":"Tamme talu","url":"https:\/\/tammetalu.eu\/","logo":{"@type":"ImageObject","inLanguage":"fi","@id":"https:\/\/tammetalu.eu\/#\/schema\/logo\/image\/","url":"https:\/\/tammetalu.eu\/wp-content\/uploads\/2025\/01\/Tamme_talu_urdiaed.png","contentUrl":"https:\/\/tammetalu.eu\/wp-content\/uploads\/2025\/01\/Tamme_talu_urdiaed.png","width":560,"height":560,"caption":"Tamme talu \u00fcrdiaed"},"image":{"@id":"https:\/\/tammetalu.eu\/#\/schema\/logo\/image\/"},"sameAs":["https:\/\/www.facebook.com\/TammeTaluUrdiaed\/?locale=et_EE","https:\/\/www.instagram.com\/tammetaluurdiaed\/"]}]}},"_links":{"self":[{"href":"https:\/\/tammetalu.eu\/fi\/wp-json\/wp\/v2\/product\/17978","targetHints":{"allow":["GET"]}}],"collection":[{"href":"https:\/\/tammetalu.eu\/fi\/wp-json\/wp\/v2\/product"}],"about":[{"href":"https:\/\/tammetalu.eu\/fi\/wp-json\/wp\/v2\/types\/product"}],"wp:featuredmedia":[{"embeddable":true,"href":"https:\/\/tammetalu.eu\/fi\/wp-json\/wp\/v2\/media\/17979"}],"wp:attachment":[{"href":"https:\/\/tammetalu.eu\/fi\/wp-json\/wp\/v2\/media?parent=17978"}],"wp:term":[{"taxonomy":"product_brand","embeddable":true,"href":"https:\/\/tammetalu.eu\/fi\/wp-json\/wp\/v2\/product_brand?post=17978"},{"taxonomy":"product_cat","embeddable":true,"href":"https:\/\/tammetalu.eu\/fi\/wp-json\/wp\/v2\/product_cat?post=17978"},{"taxonomy":"product_tag","embeddable":true,"href":"https:\/\/tammetalu.eu\/fi\/wp-json\/wp\/v2\/product_tag?post=17978"}],"curies":[{"name":"wp","href":"https:\/\/api.w.org\/{rel}","templated":true}]}}