{"id":20186,"date":"2024-03-15T16:23:22","date_gmt":"2024-03-15T14:23:22","guid":{"rendered":"https:\/\/tammetalu.eu\/?post_type=product&#038;p=20186"},"modified":"2026-04-05T17:41:25","modified_gmt":"2026-04-05T14:41:25","slug":"kurd-hiidiisop-black-adder","status":"publish","type":"product","link":"https:\/\/tammetalu.eu\/fi\/toode\/kurd-hiidiisop-black-adder\/","title":{"rendered":"Kurd-hiidiisop &#8221;Black Adder&#8221;"},"content":{"rendered":"","protected":false},"excerpt":{"rendered":"<p><em>Agastache rugosa<\/em><\/p>\n<p>Kurd-hiidiisopi sort &#8221;Black Adder&#8221; on silmapaistvalt sinakaslillade \u00f5isikute ja tumedamate roheliste aromaatsete lehtedega suhteliselt talvekindel p\u00fcsik, mis sobib kasvatamiseks kuivemapoolses p\u00e4ikeselises kuni poolvarjulises kasvukohas. Taime k\u00f5rgus v\u00f5ib k\u00fc\u00fcndida kuni 1 meetrini. Talvel v\u00f5ib pidev liigne niiskus taime h\u00e4vitada, aga kuna hiidiisopid annavad piisavalt isek\u00fclvi, siis\u00a0 h\u00e4vinud taimedele\u00a0 on j\u00e4relkasv tagatud. V\u00e4ga pika \u00f5itsemisega, mis kestab juulist kuni augusti l\u00f5puni. Kui peale suuremat \u00f5itsemist taim tagasi l\u00f5igata, siis j\u00f5uab uuesti \u00f5isikud moodustada. Aias on hiidiisopid mesilaste ja liblikate lemmikud ja meetaimed. V\u00e4ga vastupidav tuulisel kasvukohal, ka tugevamadki tuuled ei murra taimi. Sobiv taim kuivema mullaga loodusaeda.<\/p>\n<p>K\u00f6\u00f6gis saab kurd-hiidiisopi veidi magusamaitseliste lehtedega maitsestada salateid, marjadest- ja puuviljadest valmistatud roogasid ja hoidiseid, kana- ja sealiha ning aedviljadest valmistatud roogasid. V\u00e4ga maitsva \u00f5htuse joogitee saab kurd-hiidiiopist koos punega v\u00f5i piparm\u00fcndiga.<\/p>\n<p>Rahvameditsiinis kasutatakse kurd-hiidiisopist valmistatud teed und soodustava ja k\u00fclmetushaigustest tingitud vaevusi p\u00e4rssiva vahendina.<\/p>\n<p>&nbsp;<\/p>\n<p>&nbsp;<\/p>\n","protected":false},"featured_media":17756,"template":"","meta":{"_acf_changed":false,"_et_pb_use_builder":"","_et_pb_old_content":"","_et_gb_content_width":"","inline_featured_image":false},"product_brand":[],"product_cat":[186,205],"product_tag":[],"class_list":{"0":"post-20186","1":"product","2":"type-product","3":"status-publish","4":"has-post-thumbnail","6":"product_cat-maitse-ja-ravimtaimede-istikud","7":"product_cat-iisopid","9":"first","10":"instock","11":"sale","12":"taxable","13":"shipping-taxable","14":"purchasable","15":"product-type-simple"},"acf":[],"yoast_head":"<!-- This site is optimized with the Yoast SEO plugin v26.4 - https:\/\/yoast.com\/wordpress\/plugins\/seo\/ -->\n<title>Kurd-hiidiisop &quot;Black Adder&quot; - Tamme talu \u00fcrdiaed<\/title>\n<meta name=\"robots\" content=\"index, follow, max-snippet:-1, max-image-preview:large, max-video-preview:-1\" \/>\n<link rel=\"canonical\" href=\"https:\/\/tammetalu.eu\/toode\/kurd-hiidiisop-black-adder\/\" \/>\n<meta property=\"og:locale\" content=\"fi_FI\" \/>\n<meta property=\"og:type\" content=\"article\" \/>\n<meta property=\"og:title\" content=\"Kurd-hiidiisop &quot;Black Adder&quot; - Tamme talu \u00fcrdiaed\" \/>\n<meta property=\"og:description\" content=\"Agastache rugosa  Kurd-hiidiisopi sort &quot;Black Adder&quot; on silmapaistvalt sinakaslillade \u00f5isikute ja tumedamate roheliste aromaatsete lehtedega suhteliselt talvekindel p\u00fcsik, mis sobib kasvatamiseks kuivemapoolses p\u00e4ikeselises kuni poolvarjulises kasvukohas. Taime k\u00f5rgus v\u00f5ib k\u00fc\u00fcndida kuni 1 meetrini. Talvel v\u00f5ib pidev liigne niiskus taime h\u00e4vitada, aga kuna hiidiisopid annavad piisavalt isek\u00fclvi, siis\u00a0 h\u00e4vinud taimedele\u00a0 on j\u00e4relkasv tagatud. V\u00e4ga pika \u00f5itsemisega, mis kestab juulist kuni augusti l\u00f5puni. Kui peale suuremat \u00f5itsemist taim tagasi l\u00f5igata, siis j\u00f5uab uuesti \u00f5isikud moodustada. Aias on hiidiisopid mesilaste ja liblikate lemmikud ja meetaimed. V\u00e4ga vastupidav tuulisel kasvukohal, ka tugevamadki tuuled ei murra taimi. Sobiv taim kuivema mullaga loodusaeda.  K\u00f6\u00f6gis saab kurd-hiidiisopi veidi magusamaitseliste lehtedega maitsestada salateid, marjadest- ja puuviljadest valmistatud roogasid ja hoidiseid, kana- ja sealiha ning aedviljadest valmistatud roogasid. V\u00e4ga maitsva \u00f5htuse joogitee saab kurd-hiidiiopist koos punega v\u00f5i piparm\u00fcndiga.  Rahvameditsiinis kasutatakse kurd-hiidiisopist valmistatud teed und soodustava ja k\u00fclmetushaigustest tingitud vaevusi p\u00e4rssiva vahendina.  &nbsp;  &nbsp;\" \/>\n<meta property=\"og:url\" content=\"https:\/\/tammetalu.eu\/toode\/kurd-hiidiisop-black-adder\/\" \/>\n<meta property=\"og:site_name\" content=\"Tamme talu \u00fcrdiaed\" \/>\n<meta property=\"article:publisher\" content=\"https:\/\/www.facebook.com\/TammeTaluUrdiaed\/?locale=et_EE\" \/>\n<meta property=\"article:modified_time\" content=\"2026-04-05T14:41:25+00:00\" \/>\n<meta property=\"og:image\" content=\"https:\/\/tammetalu.eu\/wp-content\/uploads\/2023\/04\/Kurd-hiidiisop-Agastache-rugosa-tamme-talu-urdiaed.jpg\" \/>\n\t<meta property=\"og:image:width\" content=\"750\" \/>\n\t<meta property=\"og:image:height\" content=\"718\" \/>\n\t<meta property=\"og:image:type\" content=\"image\/jpeg\" \/>\n<meta name=\"twitter:card\" content=\"summary_large_image\" \/>\n<meta name=\"twitter:label1\" content=\"Arvioitu lukuaika\" \/>\n\t<meta name=\"twitter:data1\" content=\"1 minuutti\" \/>\n<script type=\"application\/ld+json\" class=\"yoast-schema-graph\">{\"@context\":\"https:\/\/schema.org\",\"@graph\":[{\"@type\":\"WebPage\",\"@id\":\"https:\/\/tammetalu.eu\/toode\/kurd-hiidiisop-black-adder\/\",\"url\":\"https:\/\/tammetalu.eu\/toode\/kurd-hiidiisop-black-adder\/\",\"name\":\"Kurd-hiidiisop \\\"Black Adder\\\" - Tamme talu \u00fcrdiaed\",\"isPartOf\":{\"@id\":\"https:\/\/tammetalu.eu\/#website\"},\"primaryImageOfPage\":{\"@id\":\"https:\/\/tammetalu.eu\/toode\/kurd-hiidiisop-black-adder\/#primaryimage\"},\"image\":{\"@id\":\"https:\/\/tammetalu.eu\/toode\/kurd-hiidiisop-black-adder\/#primaryimage\"},\"thumbnailUrl\":\"https:\/\/tammetalu.eu\/wp-content\/uploads\/2023\/04\/Kurd-hiidiisop-Agastache-rugosa-tamme-talu-urdiaed.jpg\",\"datePublished\":\"2024-03-15T14:23:22+00:00\",\"dateModified\":\"2026-04-05T14:41:25+00:00\",\"breadcrumb\":{\"@id\":\"https:\/\/tammetalu.eu\/toode\/kurd-hiidiisop-black-adder\/#breadcrumb\"},\"inLanguage\":\"fi\",\"potentialAction\":[{\"@type\":\"ReadAction\",\"target\":[\"https:\/\/tammetalu.eu\/toode\/kurd-hiidiisop-black-adder\/\"]}]},{\"@type\":\"ImageObject\",\"inLanguage\":\"fi\",\"@id\":\"https:\/\/tammetalu.eu\/toode\/kurd-hiidiisop-black-adder\/#primaryimage\",\"url\":\"https:\/\/tammetalu.eu\/wp-content\/uploads\/2023\/04\/Kurd-hiidiisop-Agastache-rugosa-tamme-talu-urdiaed.jpg\",\"contentUrl\":\"https:\/\/tammetalu.eu\/wp-content\/uploads\/2023\/04\/Kurd-hiidiisop-Agastache-rugosa-tamme-talu-urdiaed.jpg\",\"width\":750,\"height\":718,\"caption\":\"Kurd-hiidiisop-Agastache-rugosa-tamme-talu-urdiaed\"},{\"@type\":\"BreadcrumbList\",\"@id\":\"https:\/\/tammetalu.eu\/toode\/kurd-hiidiisop-black-adder\/#breadcrumb\",\"itemListElement\":[{\"@type\":\"ListItem\",\"position\":1,\"name\":\"Home\",\"item\":\"https:\/\/tammetalu.eu\/fi\/etusivu\/\"},{\"@type\":\"ListItem\",\"position\":2,\"name\":\"Kaikki tuotteet\",\"item\":\"https:\/\/tammetalu.eu\/fi\/kaikki-tuotteet\/\"},{\"@type\":\"ListItem\",\"position\":3,\"name\":\"Kurd-hiidiisop &#8220;Black Adder&#8221;\"}]},{\"@type\":\"WebSite\",\"@id\":\"https:\/\/tammetalu.eu\/#website\",\"url\":\"https:\/\/tammetalu.eu\/\",\"name\":\"Tamme talu \u00fcrdiaed\",\"description\":\"K\u00e4sit\u00f6\u00f6na valmistatud tooted \u00fcrtidest, \u00fcrdiistikud, \u00fcrtide kollektsioonaed\",\"publisher\":{\"@id\":\"https:\/\/tammetalu.eu\/#organization\"},\"alternateName\":\"Tamme talu\",\"potentialAction\":[{\"@type\":\"SearchAction\",\"target\":{\"@type\":\"EntryPoint\",\"urlTemplate\":\"https:\/\/tammetalu.eu\/?s={search_term_string}\"},\"query-input\":{\"@type\":\"PropertyValueSpecification\",\"valueRequired\":true,\"valueName\":\"search_term_string\"}}],\"inLanguage\":\"fi\"},{\"@type\":\"Organization\",\"@id\":\"https:\/\/tammetalu.eu\/#organization\",\"name\":\"Tamme talu \u00fcrdiaed\",\"alternateName\":\"Tamme talu\",\"url\":\"https:\/\/tammetalu.eu\/\",\"logo\":{\"@type\":\"ImageObject\",\"inLanguage\":\"fi\",\"@id\":\"https:\/\/tammetalu.eu\/#\/schema\/logo\/image\/\",\"url\":\"https:\/\/tammetalu.eu\/wp-content\/uploads\/2025\/01\/Tamme_talu_urdiaed.png\",\"contentUrl\":\"https:\/\/tammetalu.eu\/wp-content\/uploads\/2025\/01\/Tamme_talu_urdiaed.png\",\"width\":560,\"height\":560,\"caption\":\"Tamme talu \u00fcrdiaed\"},\"image\":{\"@id\":\"https:\/\/tammetalu.eu\/#\/schema\/logo\/image\/\"},\"sameAs\":[\"https:\/\/www.facebook.com\/TammeTaluUrdiaed\/?locale=et_EE\",\"https:\/\/www.instagram.com\/tammetaluurdiaed\/\"]}]}<\/script>\n<!-- \/ Yoast SEO plugin. -->","yoast_head_json":{"title":"Kurd-hiidiisop \"Black Adder\" - Tamme talu \u00fcrdiaed","robots":{"index":"index","follow":"follow","max-snippet":"max-snippet:-1","max-image-preview":"max-image-preview:large","max-video-preview":"max-video-preview:-1"},"canonical":"https:\/\/tammetalu.eu\/toode\/kurd-hiidiisop-black-adder\/","og_locale":"fi_FI","og_type":"article","og_title":"Kurd-hiidiisop \"Black Adder\" - Tamme talu \u00fcrdiaed","og_description":"Agastache rugosa  Kurd-hiidiisopi sort \"Black Adder\" on silmapaistvalt sinakaslillade \u00f5isikute ja tumedamate roheliste aromaatsete lehtedega suhteliselt talvekindel p\u00fcsik, mis sobib kasvatamiseks kuivemapoolses p\u00e4ikeselises kuni poolvarjulises kasvukohas. Taime k\u00f5rgus v\u00f5ib k\u00fc\u00fcndida kuni 1 meetrini. Talvel v\u00f5ib pidev liigne niiskus taime h\u00e4vitada, aga kuna hiidiisopid annavad piisavalt isek\u00fclvi, siis\u00a0 h\u00e4vinud taimedele\u00a0 on j\u00e4relkasv tagatud. V\u00e4ga pika \u00f5itsemisega, mis kestab juulist kuni augusti l\u00f5puni. Kui peale suuremat \u00f5itsemist taim tagasi l\u00f5igata, siis j\u00f5uab uuesti \u00f5isikud moodustada. Aias on hiidiisopid mesilaste ja liblikate lemmikud ja meetaimed. V\u00e4ga vastupidav tuulisel kasvukohal, ka tugevamadki tuuled ei murra taimi. Sobiv taim kuivema mullaga loodusaeda.  K\u00f6\u00f6gis saab kurd-hiidiisopi veidi magusamaitseliste lehtedega maitsestada salateid, marjadest- ja puuviljadest valmistatud roogasid ja hoidiseid, kana- ja sealiha ning aedviljadest valmistatud roogasid. V\u00e4ga maitsva \u00f5htuse joogitee saab kurd-hiidiiopist koos punega v\u00f5i piparm\u00fcndiga.  Rahvameditsiinis kasutatakse kurd-hiidiisopist valmistatud teed und soodustava ja k\u00fclmetushaigustest tingitud vaevusi p\u00e4rssiva vahendina.  &nbsp;  &nbsp;","og_url":"https:\/\/tammetalu.eu\/toode\/kurd-hiidiisop-black-adder\/","og_site_name":"Tamme talu \u00fcrdiaed","article_publisher":"https:\/\/www.facebook.com\/TammeTaluUrdiaed\/?locale=et_EE","article_modified_time":"2026-04-05T14:41:25+00:00","og_image":[{"width":750,"height":718,"url":"https:\/\/tammetalu.eu\/wp-content\/uploads\/2023\/04\/Kurd-hiidiisop-Agastache-rugosa-tamme-talu-urdiaed.jpg","type":"image\/jpeg"}],"twitter_card":"summary_large_image","twitter_misc":{"Arvioitu lukuaika":"1 minuutti"},"schema":{"@context":"https:\/\/schema.org","@graph":[{"@type":"WebPage","@id":"https:\/\/tammetalu.eu\/toode\/kurd-hiidiisop-black-adder\/","url":"https:\/\/tammetalu.eu\/toode\/kurd-hiidiisop-black-adder\/","name":"Kurd-hiidiisop \"Black Adder\" - Tamme talu \u00fcrdiaed","isPartOf":{"@id":"https:\/\/tammetalu.eu\/#website"},"primaryImageOfPage":{"@id":"https:\/\/tammetalu.eu\/toode\/kurd-hiidiisop-black-adder\/#primaryimage"},"image":{"@id":"https:\/\/tammetalu.eu\/toode\/kurd-hiidiisop-black-adder\/#primaryimage"},"thumbnailUrl":"https:\/\/tammetalu.eu\/wp-content\/uploads\/2023\/04\/Kurd-hiidiisop-Agastache-rugosa-tamme-talu-urdiaed.jpg","datePublished":"2024-03-15T14:23:22+00:00","dateModified":"2026-04-05T14:41:25+00:00","breadcrumb":{"@id":"https:\/\/tammetalu.eu\/toode\/kurd-hiidiisop-black-adder\/#breadcrumb"},"inLanguage":"fi","potentialAction":[{"@type":"ReadAction","target":["https:\/\/tammetalu.eu\/toode\/kurd-hiidiisop-black-adder\/"]}]},{"@type":"ImageObject","inLanguage":"fi","@id":"https:\/\/tammetalu.eu\/toode\/kurd-hiidiisop-black-adder\/#primaryimage","url":"https:\/\/tammetalu.eu\/wp-content\/uploads\/2023\/04\/Kurd-hiidiisop-Agastache-rugosa-tamme-talu-urdiaed.jpg","contentUrl":"https:\/\/tammetalu.eu\/wp-content\/uploads\/2023\/04\/Kurd-hiidiisop-Agastache-rugosa-tamme-talu-urdiaed.jpg","width":750,"height":718,"caption":"Kurd-hiidiisop-Agastache-rugosa-tamme-talu-urdiaed"},{"@type":"BreadcrumbList","@id":"https:\/\/tammetalu.eu\/toode\/kurd-hiidiisop-black-adder\/#breadcrumb","itemListElement":[{"@type":"ListItem","position":1,"name":"Home","item":"https:\/\/tammetalu.eu\/fi\/etusivu\/"},{"@type":"ListItem","position":2,"name":"Kaikki tuotteet","item":"https:\/\/tammetalu.eu\/fi\/kaikki-tuotteet\/"},{"@type":"ListItem","position":3,"name":"Kurd-hiidiisop &#8220;Black Adder&#8221;"}]},{"@type":"WebSite","@id":"https:\/\/tammetalu.eu\/#website","url":"https:\/\/tammetalu.eu\/","name":"Tamme talu \u00fcrdiaed","description":"K\u00e4sit\u00f6\u00f6na valmistatud tooted \u00fcrtidest, \u00fcrdiistikud, \u00fcrtide kollektsioonaed","publisher":{"@id":"https:\/\/tammetalu.eu\/#organization"},"alternateName":"Tamme talu","potentialAction":[{"@type":"SearchAction","target":{"@type":"EntryPoint","urlTemplate":"https:\/\/tammetalu.eu\/?s={search_term_string}"},"query-input":{"@type":"PropertyValueSpecification","valueRequired":true,"valueName":"search_term_string"}}],"inLanguage":"fi"},{"@type":"Organization","@id":"https:\/\/tammetalu.eu\/#organization","name":"Tamme talu \u00fcrdiaed","alternateName":"Tamme talu","url":"https:\/\/tammetalu.eu\/","logo":{"@type":"ImageObject","inLanguage":"fi","@id":"https:\/\/tammetalu.eu\/#\/schema\/logo\/image\/","url":"https:\/\/tammetalu.eu\/wp-content\/uploads\/2025\/01\/Tamme_talu_urdiaed.png","contentUrl":"https:\/\/tammetalu.eu\/wp-content\/uploads\/2025\/01\/Tamme_talu_urdiaed.png","width":560,"height":560,"caption":"Tamme talu \u00fcrdiaed"},"image":{"@id":"https:\/\/tammetalu.eu\/#\/schema\/logo\/image\/"},"sameAs":["https:\/\/www.facebook.com\/TammeTaluUrdiaed\/?locale=et_EE","https:\/\/www.instagram.com\/tammetaluurdiaed\/"]}]}},"_links":{"self":[{"href":"https:\/\/tammetalu.eu\/fi\/wp-json\/wp\/v2\/product\/20186","targetHints":{"allow":["GET"]}}],"collection":[{"href":"https:\/\/tammetalu.eu\/fi\/wp-json\/wp\/v2\/product"}],"about":[{"href":"https:\/\/tammetalu.eu\/fi\/wp-json\/wp\/v2\/types\/product"}],"wp:featuredmedia":[{"embeddable":true,"href":"https:\/\/tammetalu.eu\/fi\/wp-json\/wp\/v2\/media\/17756"}],"wp:attachment":[{"href":"https:\/\/tammetalu.eu\/fi\/wp-json\/wp\/v2\/media?parent=20186"}],"wp:term":[{"taxonomy":"product_brand","embeddable":true,"href":"https:\/\/tammetalu.eu\/fi\/wp-json\/wp\/v2\/product_brand?post=20186"},{"taxonomy":"product_cat","embeddable":true,"href":"https:\/\/tammetalu.eu\/fi\/wp-json\/wp\/v2\/product_cat?post=20186"},{"taxonomy":"product_tag","embeddable":true,"href":"https:\/\/tammetalu.eu\/fi\/wp-json\/wp\/v2\/product_tag?post=20186"}],"curies":[{"name":"wp","href":"https:\/\/api.w.org\/{rel}","templated":true}]}}