{"id":15841,"date":"2022-08-09T09:06:39","date_gmt":"2022-08-09T06:06:39","guid":{"rendered":"https:\/\/tammetalu.eu?post_type=product&#038;p=15841"},"modified":"2026-04-25T23:24:24","modified_gmt":"2026-04-25T20:24:24","slug":"aed-liivatee-fredo","status":"publish","type":"product","link":"https:\/\/tammetalu.eu\/lv\/toode\/aed-liivatee-fredo\/","title":{"rendered":"Aed-liivatee &#8220;Fredo Strong&#8221;"},"content":{"rendered":"","protected":false},"excerpt":{"rendered":"<p><em>Thymus vulgaris<\/em><\/p>\n<p>Madalakasvuline (k\u00f5rgus kuni 20 cm), v\u00e4ikeste roheliste v\u00e4ga aromaatsete roheliste lehtedega kompaktne poolkera kujuline p\u00f5\u00f5sake. Taim on igihaljas, kuid vajab k\u00fclma eest kaitset lumeta talvel. Kasvuks vajab vett h\u00e4sti l\u00e4bilaskvat liivasegust mulda ja t\u00e4isp\u00e4ikest, kuid lepib ka poolvarjulise kasvukohaga. V\u00e4ga sobilik on kasvatamiseks p\u00e4ikeselisel r\u00f5dul ja terrassil nii l\u00f5hna-, maitse- kui ravimtaimena. Talub h\u00e4sti p\u00fcgamist.<\/p>\n<p>Kokanduses kasutatakse t\u00fc\u00fcmianit aedvilja-, kana- sealiha, -loomaliha ja pastatoitude maitsestamiseks.<\/p>\n<p>Rahvameditsiinis on aed-liivateest valmistatud teed kasutatud k\u00f5hupuhituse ja k\u00f6ha leevendajana.<\/p>\n<p>&nbsp;<\/p>\n","protected":false},"featured_media":15983,"template":"","meta":{"_acf_changed":false,"_et_pb_use_builder":"","_et_pb_old_content":"","_et_gb_content_width":"","inline_featured_image":false},"product_brand":[],"product_cat":[186,194],"product_tag":[],"class_list":{"0":"post-15841","1":"product","2":"type-product","3":"status-publish","4":"has-post-thumbnail","6":"product_cat-maitse-ja-ravimtaimede-istikud","7":"product_cat-liivateed","9":"first","10":"instock","11":"sale","12":"taxable","13":"shipping-taxable","14":"purchasable","15":"product-type-simple"},"acf":[],"yoast_head":"<!-- This site is optimized with the Yoast SEO plugin v26.4 - https:\/\/yoast.com\/wordpress\/plugins\/seo\/ -->\n<title>Aed-liivatee &quot;Fredo Strong&quot; - Tamme talu \u00fcrdiaed<\/title>\n<meta name=\"robots\" content=\"index, follow, max-snippet:-1, max-image-preview:large, max-video-preview:-1\" \/>\n<link rel=\"canonical\" href=\"https:\/\/tammetalu.eu\/toode\/aed-liivatee-fredo\/\" \/>\n<meta property=\"og:locale\" content=\"lv_LV\" \/>\n<meta property=\"og:type\" content=\"article\" \/>\n<meta property=\"og:title\" content=\"Aed-liivatee &quot;Fredo Strong&quot; - Tamme talu \u00fcrdiaed\" \/>\n<meta property=\"og:description\" content=\"Thymus vulgaris  Madalakasvuline (k\u00f5rgus kuni 20 cm), v\u00e4ikeste roheliste v\u00e4ga aromaatsete roheliste lehtedega kompaktne poolkera kujuline p\u00f5\u00f5sake. Taim on igihaljas, kuid vajab k\u00fclma eest kaitset lumeta talvel. Kasvuks vajab vett h\u00e4sti l\u00e4bilaskvat liivasegust mulda ja t\u00e4isp\u00e4ikest, kuid lepib ka poolvarjulise kasvukohaga. V\u00e4ga sobilik on kasvatamiseks p\u00e4ikeselisel r\u00f5dul ja terrassil nii l\u00f5hna-, maitse- kui ravimtaimena. Talub h\u00e4sti p\u00fcgamist.  Kokanduses kasutatakse t\u00fc\u00fcmianit aedvilja-, kana- sealiha, -loomaliha ja pastatoitude maitsestamiseks.  Rahvameditsiinis on aed-liivateest valmistatud teed kasutatud k\u00f5hupuhituse ja k\u00f6ha leevendajana.  &nbsp;\" \/>\n<meta property=\"og:url\" content=\"https:\/\/tammetalu.eu\/toode\/aed-liivatee-fredo\/\" \/>\n<meta property=\"og:site_name\" content=\"Tamme talu \u00fcrdiaed\" \/>\n<meta property=\"article:publisher\" content=\"https:\/\/www.facebook.com\/TammeTaluUrdiaed\/?locale=et_EE\" \/>\n<meta property=\"article:modified_time\" content=\"2026-04-25T20:24:24+00:00\" \/>\n<meta property=\"og:image\" content=\"https:\/\/tammetalu.eu\/wp-content\/uploads\/2022\/08\/Aed-liivatee-fredo-tamme-talu-urdiaed-5.jpg\" \/>\n\t<meta property=\"og:image:width\" content=\"1280\" \/>\n\t<meta property=\"og:image:height\" content=\"853\" \/>\n\t<meta property=\"og:image:type\" content=\"image\/jpeg\" \/>\n<meta name=\"twitter:card\" content=\"summary_large_image\" \/>\n<script type=\"application\/ld+json\" class=\"yoast-schema-graph\">{\"@context\":\"https:\/\/schema.org\",\"@graph\":[{\"@type\":\"WebPage\",\"@id\":\"https:\/\/tammetalu.eu\/toode\/aed-liivatee-fredo\/\",\"url\":\"https:\/\/tammetalu.eu\/toode\/aed-liivatee-fredo\/\",\"name\":\"Aed-liivatee \\\"Fredo Strong\\\" - Tamme talu \u00fcrdiaed\",\"isPartOf\":{\"@id\":\"https:\/\/tammetalu.eu\/#website\"},\"primaryImageOfPage\":{\"@id\":\"https:\/\/tammetalu.eu\/toode\/aed-liivatee-fredo\/#primaryimage\"},\"image\":{\"@id\":\"https:\/\/tammetalu.eu\/toode\/aed-liivatee-fredo\/#primaryimage\"},\"thumbnailUrl\":\"https:\/\/tammetalu.eu\/wp-content\/uploads\/2022\/08\/Aed-liivatee-fredo-tamme-talu-urdiaed-5.jpg\",\"datePublished\":\"2022-08-09T06:06:39+00:00\",\"dateModified\":\"2026-04-25T20:24:24+00:00\",\"breadcrumb\":{\"@id\":\"https:\/\/tammetalu.eu\/toode\/aed-liivatee-fredo\/#breadcrumb\"},\"inLanguage\":\"lv-LV\",\"potentialAction\":[{\"@type\":\"ReadAction\",\"target\":[\"https:\/\/tammetalu.eu\/toode\/aed-liivatee-fredo\/\"]}]},{\"@type\":\"ImageObject\",\"inLanguage\":\"lv-LV\",\"@id\":\"https:\/\/tammetalu.eu\/toode\/aed-liivatee-fredo\/#primaryimage\",\"url\":\"https:\/\/tammetalu.eu\/wp-content\/uploads\/2022\/08\/Aed-liivatee-fredo-tamme-talu-urdiaed-5.jpg\",\"contentUrl\":\"https:\/\/tammetalu.eu\/wp-content\/uploads\/2022\/08\/Aed-liivatee-fredo-tamme-talu-urdiaed-5.jpg\",\"width\":1280,\"height\":853},{\"@type\":\"BreadcrumbList\",\"@id\":\"https:\/\/tammetalu.eu\/toode\/aed-liivatee-fredo\/#breadcrumb\",\"itemListElement\":[{\"@type\":\"ListItem\",\"position\":1,\"name\":\"Home\",\"item\":\"https:\/\/tammetalu.eu\/lv\/galvena-lapa\/\"},{\"@type\":\"ListItem\",\"position\":2,\"name\":\"Shop\",\"item\":\"https:\/\/tammetalu.eu\/lv\/shop\/\"},{\"@type\":\"ListItem\",\"position\":3,\"name\":\"Aed-liivatee &#8220;Fredo Strong&#8221;\"}]},{\"@type\":\"WebSite\",\"@id\":\"https:\/\/tammetalu.eu\/#website\",\"url\":\"https:\/\/tammetalu.eu\/\",\"name\":\"Tamme talu \u00fcrdiaed\",\"description\":\"K\u00e4sit\u00f6\u00f6na valmistatud tooted \u00fcrtidest, \u00fcrdiistikud, \u00fcrtide kollektsioonaed\",\"publisher\":{\"@id\":\"https:\/\/tammetalu.eu\/#organization\"},\"alternateName\":\"Tamme talu\",\"potentialAction\":[{\"@type\":\"SearchAction\",\"target\":{\"@type\":\"EntryPoint\",\"urlTemplate\":\"https:\/\/tammetalu.eu\/?s={search_term_string}\"},\"query-input\":{\"@type\":\"PropertyValueSpecification\",\"valueRequired\":true,\"valueName\":\"search_term_string\"}}],\"inLanguage\":\"lv-LV\"},{\"@type\":\"Organization\",\"@id\":\"https:\/\/tammetalu.eu\/#organization\",\"name\":\"Tamme talu \u00fcrdiaed\",\"alternateName\":\"Tamme talu\",\"url\":\"https:\/\/tammetalu.eu\/\",\"logo\":{\"@type\":\"ImageObject\",\"inLanguage\":\"lv-LV\",\"@id\":\"https:\/\/tammetalu.eu\/#\/schema\/logo\/image\/\",\"url\":\"https:\/\/tammetalu.eu\/wp-content\/uploads\/2025\/01\/Tamme_talu_urdiaed.png\",\"contentUrl\":\"https:\/\/tammetalu.eu\/wp-content\/uploads\/2025\/01\/Tamme_talu_urdiaed.png\",\"width\":560,\"height\":560,\"caption\":\"Tamme talu \u00fcrdiaed\"},\"image\":{\"@id\":\"https:\/\/tammetalu.eu\/#\/schema\/logo\/image\/\"},\"sameAs\":[\"https:\/\/www.facebook.com\/TammeTaluUrdiaed\/?locale=et_EE\",\"https:\/\/www.instagram.com\/tammetaluurdiaed\/\"]}]}<\/script>\n<!-- \/ Yoast SEO plugin. -->","yoast_head_json":{"title":"Aed-liivatee \"Fredo Strong\" - Tamme talu \u00fcrdiaed","robots":{"index":"index","follow":"follow","max-snippet":"max-snippet:-1","max-image-preview":"max-image-preview:large","max-video-preview":"max-video-preview:-1"},"canonical":"https:\/\/tammetalu.eu\/toode\/aed-liivatee-fredo\/","og_locale":"lv_LV","og_type":"article","og_title":"Aed-liivatee \"Fredo Strong\" - Tamme talu \u00fcrdiaed","og_description":"Thymus vulgaris  Madalakasvuline (k\u00f5rgus kuni 20 cm), v\u00e4ikeste roheliste v\u00e4ga aromaatsete roheliste lehtedega kompaktne poolkera kujuline p\u00f5\u00f5sake. Taim on igihaljas, kuid vajab k\u00fclma eest kaitset lumeta talvel. Kasvuks vajab vett h\u00e4sti l\u00e4bilaskvat liivasegust mulda ja t\u00e4isp\u00e4ikest, kuid lepib ka poolvarjulise kasvukohaga. V\u00e4ga sobilik on kasvatamiseks p\u00e4ikeselisel r\u00f5dul ja terrassil nii l\u00f5hna-, maitse- kui ravimtaimena. Talub h\u00e4sti p\u00fcgamist.  Kokanduses kasutatakse t\u00fc\u00fcmianit aedvilja-, kana- sealiha, -loomaliha ja pastatoitude maitsestamiseks.  Rahvameditsiinis on aed-liivateest valmistatud teed kasutatud k\u00f5hupuhituse ja k\u00f6ha leevendajana.  &nbsp;","og_url":"https:\/\/tammetalu.eu\/toode\/aed-liivatee-fredo\/","og_site_name":"Tamme talu \u00fcrdiaed","article_publisher":"https:\/\/www.facebook.com\/TammeTaluUrdiaed\/?locale=et_EE","article_modified_time":"2026-04-25T20:24:24+00:00","og_image":[{"width":1280,"height":853,"url":"https:\/\/tammetalu.eu\/wp-content\/uploads\/2022\/08\/Aed-liivatee-fredo-tamme-talu-urdiaed-5.jpg","type":"image\/jpeg"}],"twitter_card":"summary_large_image","schema":{"@context":"https:\/\/schema.org","@graph":[{"@type":"WebPage","@id":"https:\/\/tammetalu.eu\/toode\/aed-liivatee-fredo\/","url":"https:\/\/tammetalu.eu\/toode\/aed-liivatee-fredo\/","name":"Aed-liivatee \"Fredo Strong\" - Tamme talu \u00fcrdiaed","isPartOf":{"@id":"https:\/\/tammetalu.eu\/#website"},"primaryImageOfPage":{"@id":"https:\/\/tammetalu.eu\/toode\/aed-liivatee-fredo\/#primaryimage"},"image":{"@id":"https:\/\/tammetalu.eu\/toode\/aed-liivatee-fredo\/#primaryimage"},"thumbnailUrl":"https:\/\/tammetalu.eu\/wp-content\/uploads\/2022\/08\/Aed-liivatee-fredo-tamme-talu-urdiaed-5.jpg","datePublished":"2022-08-09T06:06:39+00:00","dateModified":"2026-04-25T20:24:24+00:00","breadcrumb":{"@id":"https:\/\/tammetalu.eu\/toode\/aed-liivatee-fredo\/#breadcrumb"},"inLanguage":"lv-LV","potentialAction":[{"@type":"ReadAction","target":["https:\/\/tammetalu.eu\/toode\/aed-liivatee-fredo\/"]}]},{"@type":"ImageObject","inLanguage":"lv-LV","@id":"https:\/\/tammetalu.eu\/toode\/aed-liivatee-fredo\/#primaryimage","url":"https:\/\/tammetalu.eu\/wp-content\/uploads\/2022\/08\/Aed-liivatee-fredo-tamme-talu-urdiaed-5.jpg","contentUrl":"https:\/\/tammetalu.eu\/wp-content\/uploads\/2022\/08\/Aed-liivatee-fredo-tamme-talu-urdiaed-5.jpg","width":1280,"height":853},{"@type":"BreadcrumbList","@id":"https:\/\/tammetalu.eu\/toode\/aed-liivatee-fredo\/#breadcrumb","itemListElement":[{"@type":"ListItem","position":1,"name":"Home","item":"https:\/\/tammetalu.eu\/lv\/galvena-lapa\/"},{"@type":"ListItem","position":2,"name":"Shop","item":"https:\/\/tammetalu.eu\/lv\/shop\/"},{"@type":"ListItem","position":3,"name":"Aed-liivatee &#8220;Fredo Strong&#8221;"}]},{"@type":"WebSite","@id":"https:\/\/tammetalu.eu\/#website","url":"https:\/\/tammetalu.eu\/","name":"Tamme talu \u00fcrdiaed","description":"K\u00e4sit\u00f6\u00f6na valmistatud tooted \u00fcrtidest, \u00fcrdiistikud, \u00fcrtide kollektsioonaed","publisher":{"@id":"https:\/\/tammetalu.eu\/#organization"},"alternateName":"Tamme talu","potentialAction":[{"@type":"SearchAction","target":{"@type":"EntryPoint","urlTemplate":"https:\/\/tammetalu.eu\/?s={search_term_string}"},"query-input":{"@type":"PropertyValueSpecification","valueRequired":true,"valueName":"search_term_string"}}],"inLanguage":"lv-LV"},{"@type":"Organization","@id":"https:\/\/tammetalu.eu\/#organization","name":"Tamme talu \u00fcrdiaed","alternateName":"Tamme talu","url":"https:\/\/tammetalu.eu\/","logo":{"@type":"ImageObject","inLanguage":"lv-LV","@id":"https:\/\/tammetalu.eu\/#\/schema\/logo\/image\/","url":"https:\/\/tammetalu.eu\/wp-content\/uploads\/2025\/01\/Tamme_talu_urdiaed.png","contentUrl":"https:\/\/tammetalu.eu\/wp-content\/uploads\/2025\/01\/Tamme_talu_urdiaed.png","width":560,"height":560,"caption":"Tamme talu \u00fcrdiaed"},"image":{"@id":"https:\/\/tammetalu.eu\/#\/schema\/logo\/image\/"},"sameAs":["https:\/\/www.facebook.com\/TammeTaluUrdiaed\/?locale=et_EE","https:\/\/www.instagram.com\/tammetaluurdiaed\/"]}]}},"_links":{"self":[{"href":"https:\/\/tammetalu.eu\/lv\/wp-json\/wp\/v2\/product\/15841","targetHints":{"allow":["GET"]}}],"collection":[{"href":"https:\/\/tammetalu.eu\/lv\/wp-json\/wp\/v2\/product"}],"about":[{"href":"https:\/\/tammetalu.eu\/lv\/wp-json\/wp\/v2\/types\/product"}],"wp:featuredmedia":[{"embeddable":true,"href":"https:\/\/tammetalu.eu\/lv\/wp-json\/wp\/v2\/media\/15983"}],"wp:attachment":[{"href":"https:\/\/tammetalu.eu\/lv\/wp-json\/wp\/v2\/media?parent=15841"}],"wp:term":[{"taxonomy":"product_brand","embeddable":true,"href":"https:\/\/tammetalu.eu\/lv\/wp-json\/wp\/v2\/product_brand?post=15841"},{"taxonomy":"product_cat","embeddable":true,"href":"https:\/\/tammetalu.eu\/lv\/wp-json\/wp\/v2\/product_cat?post=15841"},{"taxonomy":"product_tag","embeddable":true,"href":"https:\/\/tammetalu.eu\/lv\/wp-json\/wp\/v2\/product_tag?post=15841"}],"curies":[{"name":"wp","href":"https:\/\/api.w.org\/{rel}","templated":true}]}}