{"id":18129,"date":"2023-04-21T21:03:56","date_gmt":"2023-04-21T18:03:56","guid":{"rendered":"https:\/\/tammetalu.eu\/?post_type=product&#038;p=18129"},"modified":"2026-04-24T12:50:54","modified_gmt":"2026-04-24T09:50:54","slug":"tahklavendel-vienco-purple-kopeeri","status":"publish","type":"product","link":"https:\/\/tammetalu.eu\/lv\/toode\/tahklavendel-vienco-purple-kopeeri\/","title":{"rendered":"T\u00e4hklavendel Lavandula angustifolia &#8220;Vienco Purple&#8221;"},"content":{"rendered":"","protected":false},"excerpt":{"rendered":"<p>T\u00e4hklavendel <em>Lavandula angustifolia<\/em> &#8220;Vienco Purple&#8221; LAT: \u00a0<em>Lavandula angustifolia<\/em> &#8220;Vienco Purple&#8221; ENG: \u00a0English lavender &#8220;Vienco Purple&#8221; RU: \u041b\u0430\u0432\u0430\u043d\u0434\u0430 \u0443\u0437\u043a\u043e\u043b\u0438\u0441\u0442\u043d\u0430\u044f &#8220;Vienco Purple&#8221; FI: \u00a0\u00a0Ranskant\u00e4hk\u00e4laventeli &#8220;Vienco Purple&#8221; T\u00e4hklavendli sordil &#8220;Vienco Purple&#8221; on sinakaslillad \u00f5isikud ja kitsad veidi sinaka varjundiga rohelised lehed. Sordi omap\u00e4raks on ilus \u00fchtlane kasvukuju ning varane \u00f5itsemine juba esimesel kasvuaastal. Lavendlid \u00f5itsemise ajal v\u00e4ga atraktiivsed erinevatele tolmeldajatele. V\u00e4ga aromaatsete lehtede ja \u00f5itega p\u00fcsik, mis on lisaks peenrale v\u00e4ga sobiv konteineris kasvatamiseks. J\u00f5udsaks kasvuks vajab kuiva v\u00f5i parasniisket kruusasegust mulda ning t\u00e4isp\u00e4ikeselist kuni poolvarjulist kasvukohta. Lumeta talvel on soovitav katta taimed kuiva turba v\u00f5i puulehtedega. Kevadel enne kasvu alustamist k\u00e4rbitakse taimed, et tagada hilisem \u00fchtlasem kasvukuju. Lavendlit \u00f5itsemise ajal v\u00e4ga atraktiivsed erinevatele tolmeldajatele. Kokanduses kasutatakse lavendlit erinevate jookide, eriti teesegude valmistamiseks. Veel sobib lavendel maitset andma magusroogadele ja k\u00fcpsetistele. Lavendli lisamisega toitudesse peab olema ettevaatlik, kuna lavendli iseloomulik tugev maitse v\u00f5ib toidu isegi \u00e4ra rikkuda. Lavendel on oma toimelt n\u00f5rgalt rahustav ja und soodustav, lisaks seedimist korrastav. V\u00e4liselt kasutatakse lavendlit putukapistetest tekkinud tursete leevendamiseks. Lavendlivannid m\u00f5juvad rahustavalt reumavalude korral. Tihti lisatakse \u00f5isikuid l\u00f5hnakimpudesse ja l\u00f5hnapatjadesse. K\u00f5rgus: 0,30 &#8211; 0,45 m \u00d5itsemise aeg: VII-VIII Talvekindlus: Suhteliselt talvekindel Poti suurus: 9-11<\/p>\n","protected":false},"featured_media":18236,"template":"","meta":{"_acf_changed":false,"_et_pb_use_builder":"","_et_pb_old_content":"","_et_gb_content_width":"","inline_featured_image":false},"product_brand":[],"product_cat":[186,202],"product_tag":[],"class_list":{"0":"post-18129","1":"product","2":"type-product","3":"status-publish","4":"has-post-thumbnail","6":"product_cat-maitse-ja-ravimtaimede-istikud","7":"product_cat-lavendlid","9":"first","10":"instock","11":"sale","12":"taxable","13":"shipping-taxable","14":"purchasable","15":"product-type-simple"},"acf":[],"yoast_head":"<!-- This site is optimized with the Yoast SEO plugin v26.4 - https:\/\/yoast.com\/wordpress\/plugins\/seo\/ -->\n<title>T\u00e4hklavendel Lavandula angustifolia &quot;Vienco Purple&quot; - Tamme talu \u00fcrdiaed<\/title>\n<meta name=\"description\" content=\"S\u00fcgavsiniste \u00f5isikute ja sinakashalli lehestikuga v\u00e4ga aromaatsete lehtede ja \u00f5itega p\u00fcsik. Kasvab kuivas ja parasniiskes kruusaseguses mullas.\" \/>\n<meta name=\"robots\" content=\"index, follow, max-snippet:-1, max-image-preview:large, max-video-preview:-1\" \/>\n<link rel=\"canonical\" href=\"https:\/\/tammetalu.eu\/toode\/tahklavendel-vienco-purple-kopeeri\/\" \/>\n<meta property=\"og:locale\" content=\"lv_LV\" \/>\n<meta property=\"og:type\" content=\"article\" \/>\n<meta property=\"og:title\" content=\"T\u00e4hklavendel Lavandula angustifolia &quot;Vienco Purple&quot; - Tamme talu \u00fcrdiaed\" \/>\n<meta property=\"og:description\" content=\"S\u00fcgavsiniste \u00f5isikute ja sinakashalli lehestikuga v\u00e4ga aromaatsete lehtede ja \u00f5itega p\u00fcsik. Kasvab kuivas ja parasniiskes kruusaseguses mullas.\" \/>\n<meta property=\"og:url\" content=\"https:\/\/tammetalu.eu\/toode\/tahklavendel-vienco-purple-kopeeri\/\" \/>\n<meta property=\"og:site_name\" content=\"Tamme talu \u00fcrdiaed\" \/>\n<meta property=\"article:publisher\" content=\"https:\/\/www.facebook.com\/TammeTaluUrdiaed\/?locale=et_EE\" \/>\n<meta property=\"article:modified_time\" content=\"2026-04-24T09:50:54+00:00\" \/>\n<meta property=\"og:image\" content=\"https:\/\/tammetalu.eu\/wp-content\/uploads\/2023\/04\/Tahklavendel-vienco-purple-lavandula-angustifolia-tamme-talu-urdiaed.jpg\" \/>\n\t<meta property=\"og:image:width\" content=\"630\" \/>\n\t<meta property=\"og:image:height\" content=\"630\" \/>\n\t<meta property=\"og:image:type\" content=\"image\/jpeg\" \/>\n<meta name=\"twitter:card\" content=\"summary_large_image\" \/>\n<meta name=\"twitter:label1\" content=\"Est. reading time\" \/>\n\t<meta name=\"twitter:data1\" content=\"1 minute\" \/>\n<script type=\"application\/ld+json\" class=\"yoast-schema-graph\">{\"@context\":\"https:\/\/schema.org\",\"@graph\":[{\"@type\":\"WebPage\",\"@id\":\"https:\/\/tammetalu.eu\/toode\/tahklavendel-vienco-purple-kopeeri\/\",\"url\":\"https:\/\/tammetalu.eu\/toode\/tahklavendel-vienco-purple-kopeeri\/\",\"name\":\"T\u00e4hklavendel Lavandula angustifolia \\\"Vienco Purple\\\" - Tamme talu \u00fcrdiaed\",\"isPartOf\":{\"@id\":\"https:\/\/tammetalu.eu\/#website\"},\"primaryImageOfPage\":{\"@id\":\"https:\/\/tammetalu.eu\/toode\/tahklavendel-vienco-purple-kopeeri\/#primaryimage\"},\"image\":{\"@id\":\"https:\/\/tammetalu.eu\/toode\/tahklavendel-vienco-purple-kopeeri\/#primaryimage\"},\"thumbnailUrl\":\"https:\/\/tammetalu.eu\/wp-content\/uploads\/2023\/04\/Tahklavendel-vienco-purple-lavandula-angustifolia-tamme-talu-urdiaed.jpg\",\"datePublished\":\"2023-04-21T18:03:56+00:00\",\"dateModified\":\"2026-04-24T09:50:54+00:00\",\"description\":\"S\u00fcgavsiniste \u00f5isikute ja sinakashalli lehestikuga v\u00e4ga aromaatsete lehtede ja \u00f5itega p\u00fcsik. Kasvab kuivas ja parasniiskes kruusaseguses mullas.\",\"breadcrumb\":{\"@id\":\"https:\/\/tammetalu.eu\/toode\/tahklavendel-vienco-purple-kopeeri\/#breadcrumb\"},\"inLanguage\":\"lv-LV\",\"potentialAction\":[{\"@type\":\"ReadAction\",\"target\":[\"https:\/\/tammetalu.eu\/toode\/tahklavendel-vienco-purple-kopeeri\/\"]}]},{\"@type\":\"ImageObject\",\"inLanguage\":\"lv-LV\",\"@id\":\"https:\/\/tammetalu.eu\/toode\/tahklavendel-vienco-purple-kopeeri\/#primaryimage\",\"url\":\"https:\/\/tammetalu.eu\/wp-content\/uploads\/2023\/04\/Tahklavendel-vienco-purple-lavandula-angustifolia-tamme-talu-urdiaed.jpg\",\"contentUrl\":\"https:\/\/tammetalu.eu\/wp-content\/uploads\/2023\/04\/Tahklavendel-vienco-purple-lavandula-angustifolia-tamme-talu-urdiaed.jpg\",\"width\":630,\"height\":630,\"caption\":\"Tahklavendel-vienco-purple-lavandula-angustifolia-tamme-talu-urdiaed\"},{\"@type\":\"BreadcrumbList\",\"@id\":\"https:\/\/tammetalu.eu\/toode\/tahklavendel-vienco-purple-kopeeri\/#breadcrumb\",\"itemListElement\":[{\"@type\":\"ListItem\",\"position\":1,\"name\":\"Home\",\"item\":\"https:\/\/tammetalu.eu\/lv\/galvena-lapa\/\"},{\"@type\":\"ListItem\",\"position\":2,\"name\":\"Shop\",\"item\":\"https:\/\/tammetalu.eu\/lv\/shop\/\"},{\"@type\":\"ListItem\",\"position\":3,\"name\":\"T\u00e4hklavendel Lavandula angustifolia &#8220;Vienco Purple&#8221;\"}]},{\"@type\":\"WebSite\",\"@id\":\"https:\/\/tammetalu.eu\/#website\",\"url\":\"https:\/\/tammetalu.eu\/\",\"name\":\"Tamme talu \u00fcrdiaed\",\"description\":\"K\u00e4sit\u00f6\u00f6na valmistatud tooted \u00fcrtidest, \u00fcrdiistikud, \u00fcrtide kollektsioonaed\",\"publisher\":{\"@id\":\"https:\/\/tammetalu.eu\/#organization\"},\"alternateName\":\"Tamme talu\",\"potentialAction\":[{\"@type\":\"SearchAction\",\"target\":{\"@type\":\"EntryPoint\",\"urlTemplate\":\"https:\/\/tammetalu.eu\/?s={search_term_string}\"},\"query-input\":{\"@type\":\"PropertyValueSpecification\",\"valueRequired\":true,\"valueName\":\"search_term_string\"}}],\"inLanguage\":\"lv-LV\"},{\"@type\":\"Organization\",\"@id\":\"https:\/\/tammetalu.eu\/#organization\",\"name\":\"Tamme talu \u00fcrdiaed\",\"alternateName\":\"Tamme talu\",\"url\":\"https:\/\/tammetalu.eu\/\",\"logo\":{\"@type\":\"ImageObject\",\"inLanguage\":\"lv-LV\",\"@id\":\"https:\/\/tammetalu.eu\/#\/schema\/logo\/image\/\",\"url\":\"https:\/\/tammetalu.eu\/wp-content\/uploads\/2025\/01\/Tamme_talu_urdiaed.png\",\"contentUrl\":\"https:\/\/tammetalu.eu\/wp-content\/uploads\/2025\/01\/Tamme_talu_urdiaed.png\",\"width\":560,\"height\":560,\"caption\":\"Tamme talu \u00fcrdiaed\"},\"image\":{\"@id\":\"https:\/\/tammetalu.eu\/#\/schema\/logo\/image\/\"},\"sameAs\":[\"https:\/\/www.facebook.com\/TammeTaluUrdiaed\/?locale=et_EE\",\"https:\/\/www.instagram.com\/tammetaluurdiaed\/\"]}]}<\/script>\n<!-- \/ Yoast SEO plugin. -->","yoast_head_json":{"title":"T\u00e4hklavendel Lavandula angustifolia \"Vienco Purple\" - Tamme talu \u00fcrdiaed","description":"S\u00fcgavsiniste \u00f5isikute ja sinakashalli lehestikuga v\u00e4ga aromaatsete lehtede ja \u00f5itega p\u00fcsik. Kasvab kuivas ja parasniiskes kruusaseguses mullas.","robots":{"index":"index","follow":"follow","max-snippet":"max-snippet:-1","max-image-preview":"max-image-preview:large","max-video-preview":"max-video-preview:-1"},"canonical":"https:\/\/tammetalu.eu\/toode\/tahklavendel-vienco-purple-kopeeri\/","og_locale":"lv_LV","og_type":"article","og_title":"T\u00e4hklavendel Lavandula angustifolia \"Vienco Purple\" - Tamme talu \u00fcrdiaed","og_description":"S\u00fcgavsiniste \u00f5isikute ja sinakashalli lehestikuga v\u00e4ga aromaatsete lehtede ja \u00f5itega p\u00fcsik. Kasvab kuivas ja parasniiskes kruusaseguses mullas.","og_url":"https:\/\/tammetalu.eu\/toode\/tahklavendel-vienco-purple-kopeeri\/","og_site_name":"Tamme talu \u00fcrdiaed","article_publisher":"https:\/\/www.facebook.com\/TammeTaluUrdiaed\/?locale=et_EE","article_modified_time":"2026-04-24T09:50:54+00:00","og_image":[{"width":630,"height":630,"url":"https:\/\/tammetalu.eu\/wp-content\/uploads\/2023\/04\/Tahklavendel-vienco-purple-lavandula-angustifolia-tamme-talu-urdiaed.jpg","type":"image\/jpeg"}],"twitter_card":"summary_large_image","twitter_misc":{"Est. reading time":"1 minute"},"schema":{"@context":"https:\/\/schema.org","@graph":[{"@type":"WebPage","@id":"https:\/\/tammetalu.eu\/toode\/tahklavendel-vienco-purple-kopeeri\/","url":"https:\/\/tammetalu.eu\/toode\/tahklavendel-vienco-purple-kopeeri\/","name":"T\u00e4hklavendel Lavandula angustifolia \"Vienco Purple\" - Tamme talu \u00fcrdiaed","isPartOf":{"@id":"https:\/\/tammetalu.eu\/#website"},"primaryImageOfPage":{"@id":"https:\/\/tammetalu.eu\/toode\/tahklavendel-vienco-purple-kopeeri\/#primaryimage"},"image":{"@id":"https:\/\/tammetalu.eu\/toode\/tahklavendel-vienco-purple-kopeeri\/#primaryimage"},"thumbnailUrl":"https:\/\/tammetalu.eu\/wp-content\/uploads\/2023\/04\/Tahklavendel-vienco-purple-lavandula-angustifolia-tamme-talu-urdiaed.jpg","datePublished":"2023-04-21T18:03:56+00:00","dateModified":"2026-04-24T09:50:54+00:00","description":"S\u00fcgavsiniste \u00f5isikute ja sinakashalli lehestikuga v\u00e4ga aromaatsete lehtede ja \u00f5itega p\u00fcsik. Kasvab kuivas ja parasniiskes kruusaseguses mullas.","breadcrumb":{"@id":"https:\/\/tammetalu.eu\/toode\/tahklavendel-vienco-purple-kopeeri\/#breadcrumb"},"inLanguage":"lv-LV","potentialAction":[{"@type":"ReadAction","target":["https:\/\/tammetalu.eu\/toode\/tahklavendel-vienco-purple-kopeeri\/"]}]},{"@type":"ImageObject","inLanguage":"lv-LV","@id":"https:\/\/tammetalu.eu\/toode\/tahklavendel-vienco-purple-kopeeri\/#primaryimage","url":"https:\/\/tammetalu.eu\/wp-content\/uploads\/2023\/04\/Tahklavendel-vienco-purple-lavandula-angustifolia-tamme-talu-urdiaed.jpg","contentUrl":"https:\/\/tammetalu.eu\/wp-content\/uploads\/2023\/04\/Tahklavendel-vienco-purple-lavandula-angustifolia-tamme-talu-urdiaed.jpg","width":630,"height":630,"caption":"Tahklavendel-vienco-purple-lavandula-angustifolia-tamme-talu-urdiaed"},{"@type":"BreadcrumbList","@id":"https:\/\/tammetalu.eu\/toode\/tahklavendel-vienco-purple-kopeeri\/#breadcrumb","itemListElement":[{"@type":"ListItem","position":1,"name":"Home","item":"https:\/\/tammetalu.eu\/lv\/galvena-lapa\/"},{"@type":"ListItem","position":2,"name":"Shop","item":"https:\/\/tammetalu.eu\/lv\/shop\/"},{"@type":"ListItem","position":3,"name":"T\u00e4hklavendel Lavandula angustifolia &#8220;Vienco Purple&#8221;"}]},{"@type":"WebSite","@id":"https:\/\/tammetalu.eu\/#website","url":"https:\/\/tammetalu.eu\/","name":"Tamme talu \u00fcrdiaed","description":"K\u00e4sit\u00f6\u00f6na valmistatud tooted \u00fcrtidest, \u00fcrdiistikud, \u00fcrtide kollektsioonaed","publisher":{"@id":"https:\/\/tammetalu.eu\/#organization"},"alternateName":"Tamme talu","potentialAction":[{"@type":"SearchAction","target":{"@type":"EntryPoint","urlTemplate":"https:\/\/tammetalu.eu\/?s={search_term_string}"},"query-input":{"@type":"PropertyValueSpecification","valueRequired":true,"valueName":"search_term_string"}}],"inLanguage":"lv-LV"},{"@type":"Organization","@id":"https:\/\/tammetalu.eu\/#organization","name":"Tamme talu \u00fcrdiaed","alternateName":"Tamme talu","url":"https:\/\/tammetalu.eu\/","logo":{"@type":"ImageObject","inLanguage":"lv-LV","@id":"https:\/\/tammetalu.eu\/#\/schema\/logo\/image\/","url":"https:\/\/tammetalu.eu\/wp-content\/uploads\/2025\/01\/Tamme_talu_urdiaed.png","contentUrl":"https:\/\/tammetalu.eu\/wp-content\/uploads\/2025\/01\/Tamme_talu_urdiaed.png","width":560,"height":560,"caption":"Tamme talu \u00fcrdiaed"},"image":{"@id":"https:\/\/tammetalu.eu\/#\/schema\/logo\/image\/"},"sameAs":["https:\/\/www.facebook.com\/TammeTaluUrdiaed\/?locale=et_EE","https:\/\/www.instagram.com\/tammetaluurdiaed\/"]}]}},"_links":{"self":[{"href":"https:\/\/tammetalu.eu\/lv\/wp-json\/wp\/v2\/product\/18129","targetHints":{"allow":["GET"]}}],"collection":[{"href":"https:\/\/tammetalu.eu\/lv\/wp-json\/wp\/v2\/product"}],"about":[{"href":"https:\/\/tammetalu.eu\/lv\/wp-json\/wp\/v2\/types\/product"}],"wp:featuredmedia":[{"embeddable":true,"href":"https:\/\/tammetalu.eu\/lv\/wp-json\/wp\/v2\/media\/18236"}],"wp:attachment":[{"href":"https:\/\/tammetalu.eu\/lv\/wp-json\/wp\/v2\/media?parent=18129"}],"wp:term":[{"taxonomy":"product_brand","embeddable":true,"href":"https:\/\/tammetalu.eu\/lv\/wp-json\/wp\/v2\/product_brand?post=18129"},{"taxonomy":"product_cat","embeddable":true,"href":"https:\/\/tammetalu.eu\/lv\/wp-json\/wp\/v2\/product_cat?post=18129"},{"taxonomy":"product_tag","embeddable":true,"href":"https:\/\/tammetalu.eu\/lv\/wp-json\/wp\/v2\/product_tag?post=18129"}],"curies":[{"name":"wp","href":"https:\/\/api.w.org\/{rel}","templated":true}]}}