{"id":23279,"date":"2025-02-06T16:53:48","date_gmt":"2025-02-06T14:53:48","guid":{"rendered":"https:\/\/tammetalu.eu\/?post_type=product&#038;p=23279"},"modified":"2026-04-18T22:16:11","modified_gmt":"2026-04-18T19:16:11","slug":"kollane-paevaliilia-hemerocallis-lilioasphodelus","status":"publish","type":"product","link":"https:\/\/tammetalu.eu\/ru\/toode\/kollane-paevaliilia-hemerocallis-lilioasphodelus\/","title":{"rendered":"Kollane p\u00e4evaliilia Hemerocallis lilioasphodelus"},"content":{"rendered":"","protected":false},"excerpt":{"rendered":"<p>Kollane p\u00e4evaliilia <em>Hemerocallis lilioasphodelus<\/em><\/p>\n<p>LAT:\u00a0 <em>Hemerocallis lilioasphodelus<\/em><\/p>\n<p>ENG: Yellow daylily<\/p>\n<p>RU:\u00a0 \u041b\u0438\u043b\u0435\u0439\u043d\u0438\u043a \u0436\u0451\u043b\u0442\u044b\u0439<\/p>\n<p>FI: Keltap\u00e4iv\u00e4nlilja<\/p>\n<p>Kollase p\u00e4evaliilia looduslik levikuala on Hiina, Kirde-Itaalia, Sloveenia. Taim kasvab niitudel, m\u00e4en\u00f5lvadel, h\u00f5redates metsades. Kollane p\u00e4evaliilia oli ka \u00fcks esimesi p\u00e4evaliilia liike, mida kasutati uute p\u00e4evaliiliasortide aretamiseks. Kollast p\u00e4evaliiliat kultiveeritakse s\u00f6\u00f6davate \u00f5ite ja pungade saamiseks. Toiduks tarvitatakse ka kevadisi noori v\u00f5rseid.<\/p>\n<p>Kollane p\u00e4evaliilia on juba ammustest aegadest kasvatatud p\u00e4evaliilia liik, mis levib aeglaselt ning aja jooksul moodustab tihedaid puhmikuid.<\/p>\n<p>Kollasel p\u00e4evaliilial on lineaarsed kuni 60 cm pikkused lehed ja s\u00e4ravkollased \u00f5ied, mis l\u00f5hnavad v\u00e4ga meeldivalt. Taim \u00f5itseb juunis-juulis \u00fcsna pikalt ja soodsate kasvutingimuste korral ka rikkalikult. Taim kasvab paremini ja \u00f5ied v\u00e4rvuvad intensiivsemalt, kui taim saab veidi varju keskp\u00e4evase palava p\u00e4ikese eest. P\u00e4evaliilia heaks \u00f5itsemiseks on soovitav puhmik noorendamise ja paljundamise eesm\u00e4rgil 4-5 aasta j\u00e4rel v\u00e4lja kaevata ja t\u00fckeldada. Septembris v\u00f5ib taim soodsate ilmastikuolude puhul kordus\u00f5itseda.<\/p>\n<p>Mullastiku osas pole kollane p\u00e4evaliilia kuigi n\u00f5udlik, kuid parim on parasniiske kuni kuivapoolne viljakas hea drenaa\u017eiga n\u00f5rgalt happeline muld. Madalama viljakusega mullal \u00f5itsevad taimed tagasihoidlikumalt.<\/p>\n<p>K\u00f5ik taimeosad on s\u00f6\u00f6davad, kuid \u00f5isi kasutatakse sagedamini. \u00d5ite kroonlehed on kr\u00f5mpsuvad ja mahlased ning on seal oleva nektari t\u00f5ttu \u00f5rnalt magusad. \u00d5ied ja pungad on toitvad, sisaldavad valku, s\u00fcsivesikuid, rauda ja A-vitamiini. Keedetud \u00f5iepungad maitsevad nagu rohelised oad. Hiinas ja Jaapanis \u00f5isi kuivatatakse ning kasutatakse maitsestajana ja paksendajana suppides ja kastmetes. Keedetud v\u00f5i hautatud k\u00f6\u00f6giviljana tarvitatavad noored v\u00f5rsed on meeldiva magusa maitsega. Noori v\u00f5rseid korjatakse kevadel.<\/p>\n<p>Oma levikuala rahvameditsiinis kasutatakse kollase p\u00e4evaliilia juurtest keedetud teed diureetikumina. Juurtest pressitud mahla kasutatatakse vastum\u00fcrgina arseenist p\u00f5hjustatud m\u00fcrgistuste puhul. Juurel on ka rahvap\u00e4rane kasutuslugu v\u00e4hiravis \u2013 juurte ekstraktid on avaldanud kasvajavastast toimet.<\/p>\n<p>Kuivatatud lehtedest punutud n\u00f6\u00f6ri kasutatakse tugeva ja vastupidava punumismaterjalina.<\/p>\n<p>K\u00f5rgus: kuni 1,2 m<\/p>\n<p>\u00d5itsemise aeg: VI-VII<\/p>\n<p>Talvekindlus: Talvekindel<\/p>\n<p>Poti suurus : 9-11<\/p>\n","protected":false},"featured_media":23280,"template":"","meta":{"_acf_changed":false,"_et_pb_use_builder":"","_et_pb_old_content":"","_et_gb_content_width":"","inline_featured_image":false},"product_brand":[],"product_cat":[215,186],"product_tag":[],"class_list":{"0":"post-23279","1":"product","2":"type-product","3":"status-publish","4":"has-post-thumbnail","6":"product_cat-paevaliiliad","7":"product_cat-maitse-ja-ravimtaimede-istikud","9":"first","10":"outofstock","11":"sale","12":"taxable","13":"shipping-taxable","14":"purchasable","15":"product-type-simple"},"acf":[],"yoast_head":"<!-- This site is optimized with the Yoast SEO plugin v26.4 - https:\/\/yoast.com\/wordpress\/plugins\/seo\/ -->\n<title>Kollane p\u00e4evaliilia Hemerocallis lilioasphodelus - Tamme talu \u00fcrdiaed<\/title>\n<meta name=\"robots\" content=\"index, follow, max-snippet:-1, max-image-preview:large, max-video-preview:-1\" \/>\n<link rel=\"canonical\" href=\"https:\/\/tammetalu.eu\/toode\/kollane-paevaliilia-hemerocallis-lilioasphodelus\/\" \/>\n<meta property=\"og:locale\" content=\"ru_RU\" \/>\n<meta property=\"og:type\" content=\"article\" \/>\n<meta property=\"og:title\" content=\"Kollane p\u00e4evaliilia Hemerocallis lilioasphodelus - Tamme talu \u00fcrdiaed\" \/>\n<meta property=\"og:description\" content=\"Kollane p\u00e4evaliilia Hemerocallis lilioasphodelus  LAT:\u00a0 Hemerocallis lilioasphodelus  ENG: Yellow daylily  RU:\u00a0 \u041b\u0438\u043b\u0435\u0439\u043d\u0438\u043a \u0436\u0451\u043b\u0442\u044b\u0439  FI: Keltap\u00e4iv\u00e4nlilja  Kollase p\u00e4evaliilia looduslik levikuala on Hiina, Kirde-Itaalia, Sloveenia. Taim kasvab niitudel, m\u00e4en\u00f5lvadel, h\u00f5redates metsades. Kollane p\u00e4evaliilia oli ka \u00fcks esimesi p\u00e4evaliilia liike, mida kasutati uute p\u00e4evaliiliasortide aretamiseks. Kollast p\u00e4evaliiliat kultiveeritakse s\u00f6\u00f6davate \u00f5ite ja pungade saamiseks. Toiduks tarvitatakse ka kevadisi noori v\u00f5rseid.  Kollane p\u00e4evaliilia on juba ammustest aegadest kasvatatud p\u00e4evaliilia liik, mis levib aeglaselt ning aja jooksul moodustab tihedaid puhmikuid.  Kollasel p\u00e4evaliilial on lineaarsed kuni 60 cm pikkused lehed ja s\u00e4ravkollased \u00f5ied, mis l\u00f5hnavad v\u00e4ga meeldivalt. Taim \u00f5itseb juunis-juulis \u00fcsna pikalt ja soodsate kasvutingimuste korral ka rikkalikult. Taim kasvab paremini ja \u00f5ied v\u00e4rvuvad intensiivsemalt, kui taim saab veidi varju keskp\u00e4evase palava p\u00e4ikese eest. P\u00e4evaliilia heaks \u00f5itsemiseks on soovitav puhmik noorendamise ja paljundamise eesm\u00e4rgil 4-5 aasta j\u00e4rel v\u00e4lja kaevata ja t\u00fckeldada. Septembris v\u00f5ib taim soodsate ilmastikuolude puhul kordus\u00f5itseda.  Mullastiku osas pole kollane p\u00e4evaliilia kuigi n\u00f5udlik, kuid parim on parasniiske kuni kuivapoolne viljakas hea drenaa\u017eiga n\u00f5rgalt happeline muld. Madalama viljakusega mullal \u00f5itsevad taimed tagasihoidlikumalt.  K\u00f5ik taimeosad on s\u00f6\u00f6davad, kuid \u00f5isi kasutatakse sagedamini. \u00d5ite kroonlehed on kr\u00f5mpsuvad ja mahlased ning on seal oleva nektari t\u00f5ttu \u00f5rnalt magusad. \u00d5ied ja pungad on toitvad, sisaldavad valku, s\u00fcsivesikuid, rauda ja A-vitamiini. Keedetud \u00f5iepungad maitsevad nagu rohelised oad. Hiinas ja Jaapanis \u00f5isi kuivatatakse ning kasutatakse maitsestajana ja paksendajana suppides ja kastmetes. Keedetud v\u00f5i hautatud k\u00f6\u00f6giviljana tarvitatavad noored v\u00f5rsed on meeldiva magusa maitsega. Noori v\u00f5rseid korjatakse kevadel.  Oma levikuala rahvameditsiinis kasutatakse kollase p\u00e4evaliilia juurtest keedetud teed diureetikumina. Juurtest pressitud mahla kasutatatakse vastum\u00fcrgina arseenist p\u00f5hjustatud m\u00fcrgistuste puhul. Juurel on ka rahvap\u00e4rane kasutuslugu v\u00e4hiravis \u2013 juurte ekstraktid on avaldanud kasvajavastast toimet.  Kuivatatud lehtedest punutud n\u00f6\u00f6ri kasutatakse tugeva ja vastupidava punumismaterjalina.  K\u00f5rgus: kuni 1,2 m  \u00d5itsemise aeg: VI-VII  Talvekindlus: Talvekindel  Poti suurus : 9-11\" \/>\n<meta property=\"og:url\" content=\"https:\/\/tammetalu.eu\/toode\/kollane-paevaliilia-hemerocallis-lilioasphodelus\/\" \/>\n<meta property=\"og:site_name\" content=\"Tamme talu \u00fcrdiaed\" \/>\n<meta property=\"article:publisher\" content=\"https:\/\/www.facebook.com\/TammeTaluUrdiaed\/?locale=et_EE\" \/>\n<meta property=\"article:modified_time\" content=\"2026-04-18T19:16:11+00:00\" \/>\n<meta property=\"og:image\" content=\"https:\/\/tammetalu.eu\/wp-content\/uploads\/2025\/01\/Kollane_paevaliilia_Hemerocallis-lilioasphodelus_tamme_talu_urdiaed.webp\" \/>\n\t<meta property=\"og:image:width\" content=\"943\" \/>\n\t<meta property=\"og:image:height\" content=\"803\" \/>\n\t<meta property=\"og:image:type\" content=\"image\/webp\" \/>\n<meta name=\"twitter:card\" content=\"summary_large_image\" \/>\n<meta name=\"twitter:label1\" content=\"\u041f\u0440\u0438\u043c\u0435\u0440\u043d\u043e\u0435 \u0432\u0440\u0435\u043c\u044f \u0434\u043b\u044f \u0447\u0442\u0435\u043d\u0438\u044f\" \/>\n\t<meta name=\"twitter:data1\" content=\"1 \u043c\u0438\u043d\u0443\u0442\u0430\" \/>\n<script type=\"application\/ld+json\" class=\"yoast-schema-graph\">{\"@context\":\"https:\/\/schema.org\",\"@graph\":[{\"@type\":\"WebPage\",\"@id\":\"https:\/\/tammetalu.eu\/toode\/kollane-paevaliilia-hemerocallis-lilioasphodelus\/\",\"url\":\"https:\/\/tammetalu.eu\/toode\/kollane-paevaliilia-hemerocallis-lilioasphodelus\/\",\"name\":\"Kollane p\u00e4evaliilia Hemerocallis lilioasphodelus - Tamme talu \u00fcrdiaed\",\"isPartOf\":{\"@id\":\"https:\/\/tammetalu.eu\/#website\"},\"primaryImageOfPage\":{\"@id\":\"https:\/\/tammetalu.eu\/toode\/kollane-paevaliilia-hemerocallis-lilioasphodelus\/#primaryimage\"},\"image\":{\"@id\":\"https:\/\/tammetalu.eu\/toode\/kollane-paevaliilia-hemerocallis-lilioasphodelus\/#primaryimage\"},\"thumbnailUrl\":\"https:\/\/tammetalu.eu\/wp-content\/uploads\/2025\/01\/Kollane_paevaliilia_Hemerocallis-lilioasphodelus_tamme_talu_urdiaed.webp\",\"datePublished\":\"2025-02-06T14:53:48+00:00\",\"dateModified\":\"2026-04-18T19:16:11+00:00\",\"breadcrumb\":{\"@id\":\"https:\/\/tammetalu.eu\/toode\/kollane-paevaliilia-hemerocallis-lilioasphodelus\/#breadcrumb\"},\"inLanguage\":\"ru-RU\",\"potentialAction\":[{\"@type\":\"ReadAction\",\"target\":[\"https:\/\/tammetalu.eu\/toode\/kollane-paevaliilia-hemerocallis-lilioasphodelus\/\"]}]},{\"@type\":\"ImageObject\",\"inLanguage\":\"ru-RU\",\"@id\":\"https:\/\/tammetalu.eu\/toode\/kollane-paevaliilia-hemerocallis-lilioasphodelus\/#primaryimage\",\"url\":\"https:\/\/tammetalu.eu\/wp-content\/uploads\/2025\/01\/Kollane_paevaliilia_Hemerocallis-lilioasphodelus_tamme_talu_urdiaed.webp\",\"contentUrl\":\"https:\/\/tammetalu.eu\/wp-content\/uploads\/2025\/01\/Kollane_paevaliilia_Hemerocallis-lilioasphodelus_tamme_talu_urdiaed.webp\",\"width\":943,\"height\":803,\"caption\":\"Kollane_paevaliilia_Hemerocallis-lilioasphodelus_tamme_talu_urdiaed\"},{\"@type\":\"BreadcrumbList\",\"@id\":\"https:\/\/tammetalu.eu\/toode\/kollane-paevaliilia-hemerocallis-lilioasphodelus\/#breadcrumb\",\"itemListElement\":[{\"@type\":\"ListItem\",\"position\":1,\"name\":\"Home\",\"item\":\"https:\/\/tammetalu.eu\/ru\/esileht-rus\/\"},{\"@type\":\"ListItem\",\"position\":2,\"name\":\"\u041c\u0430\u0433\u0430\u0437\u0438\u043d\",\"item\":\"https:\/\/tammetalu.eu\/ru\/%d0%bc%d0%b0%d0%b3%d0%b0%d0%b7%d0%b8%d0%bd\/\"},{\"@type\":\"ListItem\",\"position\":3,\"name\":\"Kollane p\u00e4evaliilia Hemerocallis lilioasphodelus\"}]},{\"@type\":\"WebSite\",\"@id\":\"https:\/\/tammetalu.eu\/#website\",\"url\":\"https:\/\/tammetalu.eu\/\",\"name\":\"Tamme talu \u00fcrdiaed\",\"description\":\"K\u00e4sit\u00f6\u00f6na valmistatud tooted \u00fcrtidest, \u00fcrdiistikud, \u00fcrtide kollektsioonaed\",\"publisher\":{\"@id\":\"https:\/\/tammetalu.eu\/#organization\"},\"alternateName\":\"Tamme talu\",\"potentialAction\":[{\"@type\":\"SearchAction\",\"target\":{\"@type\":\"EntryPoint\",\"urlTemplate\":\"https:\/\/tammetalu.eu\/?s={search_term_string}\"},\"query-input\":{\"@type\":\"PropertyValueSpecification\",\"valueRequired\":true,\"valueName\":\"search_term_string\"}}],\"inLanguage\":\"ru-RU\"},{\"@type\":\"Organization\",\"@id\":\"https:\/\/tammetalu.eu\/#organization\",\"name\":\"Tamme talu \u00fcrdiaed\",\"alternateName\":\"Tamme talu\",\"url\":\"https:\/\/tammetalu.eu\/\",\"logo\":{\"@type\":\"ImageObject\",\"inLanguage\":\"ru-RU\",\"@id\":\"https:\/\/tammetalu.eu\/#\/schema\/logo\/image\/\",\"url\":\"https:\/\/tammetalu.eu\/wp-content\/uploads\/2025\/01\/Tamme_talu_urdiaed.png\",\"contentUrl\":\"https:\/\/tammetalu.eu\/wp-content\/uploads\/2025\/01\/Tamme_talu_urdiaed.png\",\"width\":560,\"height\":560,\"caption\":\"Tamme talu \u00fcrdiaed\"},\"image\":{\"@id\":\"https:\/\/tammetalu.eu\/#\/schema\/logo\/image\/\"},\"sameAs\":[\"https:\/\/www.facebook.com\/TammeTaluUrdiaed\/?locale=et_EE\",\"https:\/\/www.instagram.com\/tammetaluurdiaed\/\"]}]}<\/script>\n<!-- \/ Yoast SEO plugin. -->","yoast_head_json":{"title":"Kollane p\u00e4evaliilia Hemerocallis lilioasphodelus - Tamme talu \u00fcrdiaed","robots":{"index":"index","follow":"follow","max-snippet":"max-snippet:-1","max-image-preview":"max-image-preview:large","max-video-preview":"max-video-preview:-1"},"canonical":"https:\/\/tammetalu.eu\/toode\/kollane-paevaliilia-hemerocallis-lilioasphodelus\/","og_locale":"ru_RU","og_type":"article","og_title":"Kollane p\u00e4evaliilia Hemerocallis lilioasphodelus - Tamme talu \u00fcrdiaed","og_description":"Kollane p\u00e4evaliilia Hemerocallis lilioasphodelus  LAT:\u00a0 Hemerocallis lilioasphodelus  ENG: Yellow daylily  RU:\u00a0 \u041b\u0438\u043b\u0435\u0439\u043d\u0438\u043a \u0436\u0451\u043b\u0442\u044b\u0439  FI: Keltap\u00e4iv\u00e4nlilja  Kollase p\u00e4evaliilia looduslik levikuala on Hiina, Kirde-Itaalia, Sloveenia. Taim kasvab niitudel, m\u00e4en\u00f5lvadel, h\u00f5redates metsades. Kollane p\u00e4evaliilia oli ka \u00fcks esimesi p\u00e4evaliilia liike, mida kasutati uute p\u00e4evaliiliasortide aretamiseks. Kollast p\u00e4evaliiliat kultiveeritakse s\u00f6\u00f6davate \u00f5ite ja pungade saamiseks. Toiduks tarvitatakse ka kevadisi noori v\u00f5rseid.  Kollane p\u00e4evaliilia on juba ammustest aegadest kasvatatud p\u00e4evaliilia liik, mis levib aeglaselt ning aja jooksul moodustab tihedaid puhmikuid.  Kollasel p\u00e4evaliilial on lineaarsed kuni 60 cm pikkused lehed ja s\u00e4ravkollased \u00f5ied, mis l\u00f5hnavad v\u00e4ga meeldivalt. Taim \u00f5itseb juunis-juulis \u00fcsna pikalt ja soodsate kasvutingimuste korral ka rikkalikult. Taim kasvab paremini ja \u00f5ied v\u00e4rvuvad intensiivsemalt, kui taim saab veidi varju keskp\u00e4evase palava p\u00e4ikese eest. P\u00e4evaliilia heaks \u00f5itsemiseks on soovitav puhmik noorendamise ja paljundamise eesm\u00e4rgil 4-5 aasta j\u00e4rel v\u00e4lja kaevata ja t\u00fckeldada. Septembris v\u00f5ib taim soodsate ilmastikuolude puhul kordus\u00f5itseda.  Mullastiku osas pole kollane p\u00e4evaliilia kuigi n\u00f5udlik, kuid parim on parasniiske kuni kuivapoolne viljakas hea drenaa\u017eiga n\u00f5rgalt happeline muld. Madalama viljakusega mullal \u00f5itsevad taimed tagasihoidlikumalt.  K\u00f5ik taimeosad on s\u00f6\u00f6davad, kuid \u00f5isi kasutatakse sagedamini. \u00d5ite kroonlehed on kr\u00f5mpsuvad ja mahlased ning on seal oleva nektari t\u00f5ttu \u00f5rnalt magusad. \u00d5ied ja pungad on toitvad, sisaldavad valku, s\u00fcsivesikuid, rauda ja A-vitamiini. Keedetud \u00f5iepungad maitsevad nagu rohelised oad. Hiinas ja Jaapanis \u00f5isi kuivatatakse ning kasutatakse maitsestajana ja paksendajana suppides ja kastmetes. Keedetud v\u00f5i hautatud k\u00f6\u00f6giviljana tarvitatavad noored v\u00f5rsed on meeldiva magusa maitsega. Noori v\u00f5rseid korjatakse kevadel.  Oma levikuala rahvameditsiinis kasutatakse kollase p\u00e4evaliilia juurtest keedetud teed diureetikumina. Juurtest pressitud mahla kasutatatakse vastum\u00fcrgina arseenist p\u00f5hjustatud m\u00fcrgistuste puhul. Juurel on ka rahvap\u00e4rane kasutuslugu v\u00e4hiravis \u2013 juurte ekstraktid on avaldanud kasvajavastast toimet.  Kuivatatud lehtedest punutud n\u00f6\u00f6ri kasutatakse tugeva ja vastupidava punumismaterjalina.  K\u00f5rgus: kuni 1,2 m  \u00d5itsemise aeg: VI-VII  Talvekindlus: Talvekindel  Poti suurus : 9-11","og_url":"https:\/\/tammetalu.eu\/toode\/kollane-paevaliilia-hemerocallis-lilioasphodelus\/","og_site_name":"Tamme talu \u00fcrdiaed","article_publisher":"https:\/\/www.facebook.com\/TammeTaluUrdiaed\/?locale=et_EE","article_modified_time":"2026-04-18T19:16:11+00:00","og_image":[{"width":943,"height":803,"url":"https:\/\/tammetalu.eu\/wp-content\/uploads\/2025\/01\/Kollane_paevaliilia_Hemerocallis-lilioasphodelus_tamme_talu_urdiaed.webp","type":"image\/webp"}],"twitter_card":"summary_large_image","twitter_misc":{"\u041f\u0440\u0438\u043c\u0435\u0440\u043d\u043e\u0435 \u0432\u0440\u0435\u043c\u044f \u0434\u043b\u044f \u0447\u0442\u0435\u043d\u0438\u044f":"1 \u043c\u0438\u043d\u0443\u0442\u0430"},"schema":{"@context":"https:\/\/schema.org","@graph":[{"@type":"WebPage","@id":"https:\/\/tammetalu.eu\/toode\/kollane-paevaliilia-hemerocallis-lilioasphodelus\/","url":"https:\/\/tammetalu.eu\/toode\/kollane-paevaliilia-hemerocallis-lilioasphodelus\/","name":"Kollane p\u00e4evaliilia Hemerocallis lilioasphodelus - Tamme talu \u00fcrdiaed","isPartOf":{"@id":"https:\/\/tammetalu.eu\/#website"},"primaryImageOfPage":{"@id":"https:\/\/tammetalu.eu\/toode\/kollane-paevaliilia-hemerocallis-lilioasphodelus\/#primaryimage"},"image":{"@id":"https:\/\/tammetalu.eu\/toode\/kollane-paevaliilia-hemerocallis-lilioasphodelus\/#primaryimage"},"thumbnailUrl":"https:\/\/tammetalu.eu\/wp-content\/uploads\/2025\/01\/Kollane_paevaliilia_Hemerocallis-lilioasphodelus_tamme_talu_urdiaed.webp","datePublished":"2025-02-06T14:53:48+00:00","dateModified":"2026-04-18T19:16:11+00:00","breadcrumb":{"@id":"https:\/\/tammetalu.eu\/toode\/kollane-paevaliilia-hemerocallis-lilioasphodelus\/#breadcrumb"},"inLanguage":"ru-RU","potentialAction":[{"@type":"ReadAction","target":["https:\/\/tammetalu.eu\/toode\/kollane-paevaliilia-hemerocallis-lilioasphodelus\/"]}]},{"@type":"ImageObject","inLanguage":"ru-RU","@id":"https:\/\/tammetalu.eu\/toode\/kollane-paevaliilia-hemerocallis-lilioasphodelus\/#primaryimage","url":"https:\/\/tammetalu.eu\/wp-content\/uploads\/2025\/01\/Kollane_paevaliilia_Hemerocallis-lilioasphodelus_tamme_talu_urdiaed.webp","contentUrl":"https:\/\/tammetalu.eu\/wp-content\/uploads\/2025\/01\/Kollane_paevaliilia_Hemerocallis-lilioasphodelus_tamme_talu_urdiaed.webp","width":943,"height":803,"caption":"Kollane_paevaliilia_Hemerocallis-lilioasphodelus_tamme_talu_urdiaed"},{"@type":"BreadcrumbList","@id":"https:\/\/tammetalu.eu\/toode\/kollane-paevaliilia-hemerocallis-lilioasphodelus\/#breadcrumb","itemListElement":[{"@type":"ListItem","position":1,"name":"Home","item":"https:\/\/tammetalu.eu\/ru\/esileht-rus\/"},{"@type":"ListItem","position":2,"name":"\u041c\u0430\u0433\u0430\u0437\u0438\u043d","item":"https:\/\/tammetalu.eu\/ru\/%d0%bc%d0%b0%d0%b3%d0%b0%d0%b7%d0%b8%d0%bd\/"},{"@type":"ListItem","position":3,"name":"Kollane p\u00e4evaliilia Hemerocallis lilioasphodelus"}]},{"@type":"WebSite","@id":"https:\/\/tammetalu.eu\/#website","url":"https:\/\/tammetalu.eu\/","name":"Tamme talu \u00fcrdiaed","description":"K\u00e4sit\u00f6\u00f6na valmistatud tooted \u00fcrtidest, \u00fcrdiistikud, \u00fcrtide kollektsioonaed","publisher":{"@id":"https:\/\/tammetalu.eu\/#organization"},"alternateName":"Tamme talu","potentialAction":[{"@type":"SearchAction","target":{"@type":"EntryPoint","urlTemplate":"https:\/\/tammetalu.eu\/?s={search_term_string}"},"query-input":{"@type":"PropertyValueSpecification","valueRequired":true,"valueName":"search_term_string"}}],"inLanguage":"ru-RU"},{"@type":"Organization","@id":"https:\/\/tammetalu.eu\/#organization","name":"Tamme talu \u00fcrdiaed","alternateName":"Tamme talu","url":"https:\/\/tammetalu.eu\/","logo":{"@type":"ImageObject","inLanguage":"ru-RU","@id":"https:\/\/tammetalu.eu\/#\/schema\/logo\/image\/","url":"https:\/\/tammetalu.eu\/wp-content\/uploads\/2025\/01\/Tamme_talu_urdiaed.png","contentUrl":"https:\/\/tammetalu.eu\/wp-content\/uploads\/2025\/01\/Tamme_talu_urdiaed.png","width":560,"height":560,"caption":"Tamme talu \u00fcrdiaed"},"image":{"@id":"https:\/\/tammetalu.eu\/#\/schema\/logo\/image\/"},"sameAs":["https:\/\/www.facebook.com\/TammeTaluUrdiaed\/?locale=et_EE","https:\/\/www.instagram.com\/tammetaluurdiaed\/"]}]}},"_links":{"self":[{"href":"https:\/\/tammetalu.eu\/ru\/wp-json\/wp\/v2\/product\/23279","targetHints":{"allow":["GET"]}}],"collection":[{"href":"https:\/\/tammetalu.eu\/ru\/wp-json\/wp\/v2\/product"}],"about":[{"href":"https:\/\/tammetalu.eu\/ru\/wp-json\/wp\/v2\/types\/product"}],"wp:featuredmedia":[{"embeddable":true,"href":"https:\/\/tammetalu.eu\/ru\/wp-json\/wp\/v2\/media\/23280"}],"wp:attachment":[{"href":"https:\/\/tammetalu.eu\/ru\/wp-json\/wp\/v2\/media?parent=23279"}],"wp:term":[{"taxonomy":"product_brand","embeddable":true,"href":"https:\/\/tammetalu.eu\/ru\/wp-json\/wp\/v2\/product_brand?post=23279"},{"taxonomy":"product_cat","embeddable":true,"href":"https:\/\/tammetalu.eu\/ru\/wp-json\/wp\/v2\/product_cat?post=23279"},{"taxonomy":"product_tag","embeddable":true,"href":"https:\/\/tammetalu.eu\/ru\/wp-json\/wp\/v2\/product_tag?post=23279"}],"curies":[{"name":"wp","href":"https:\/\/api.w.org\/{rel}","templated":true}]}}